{"id":9563,"date":"2026-01-28T16:45:07","date_gmt":"2026-01-28T15:45:07","guid":{"rendered":"https:\/\/moto-pawmar.pl\/?product=torba-tylna-sw-motech-ion-m-black-26-36l"},"modified":"2026-01-29T09:22:06","modified_gmt":"2026-01-29T08:22:06","slug":"torba-tylna-sw-motech-ion-m-black-26-36l","status":"publish","type":"product","link":"https:\/\/moto-pawmar.pl\/?product=torba-tylna-sw-motech-ion-m-black-26-36l","title":{"rendered":"TORBA TYLNA SW-MOTECH ION M BLACK 26-36L"},"content":{"rendered":"<p>Torba na ogon ION M mo\u017ce by\u0107 przymocowana do niemal ka\u017cdego ogona motocykla, dzi\u0119ki optymalnemu dopasowaniu i zakrzywionemu antypo\u015blizgowemu spodkowi. Mo\u017cliwe jest r\u00f3wnie\u017c u\u017cycie tej torby do zamocowania na stela\u017cu STREET-RACK \/ ADVENTURE-RACK za pomoc\u0105 dedykowanego rozszerzenia. Szczeg\u00f3lnie przydatne: dwie zewn\u0119trzne kieszenie oraz jedn\u0105 kiesze\u0144 z siatki na pokrywie. \u0141atwy dost\u0119p do 26-litrowego baga\u017cu mo\u017cna w razie potrzeby rozszerzy\u0107 do 36 litr\u00f3w za pomoc\u0105 dw\u00f3ch ekspander\u00f3w znajduj\u0105cych si\u0119 po bokach torby. Wzmocnione boki zapobiegaj\u0105 trzepotaniu torby &#8211; nawet podczas sportowej jazdy. Zintegrowany uchwyt do przenoszenia i towarzysz\u0105cy mu pasek na rami\u0119 sprawiaj\u0105, \u017ce torba na ogon ION M jest r\u00f3wnie\u017c wygodn\u0105 torb\u0105 do noszenia.<\/p>\n<p>Trzy rozmiary, elegancki wygl\u0105d, atrakcyjna cena: torby tylne z serii ION dost\u0119pne s\u0105 w trzech rozmiarach i mo\u017cna je przymocowa\u0107 do niemal ka\u017cdego ogona motocyklowego. Wykonane z czarnego poliestru 600D z elementami z mi\u0119kkiego winylu. Torby te \u0142\u0105cz\u0105 atrakcyjny wygl\u0105d z bardzo przydatnymi w\u0142a\u015bciwo\u015bciami, tj.: zoptymalizowana wielko\u015b\u0107 na baga\u017c pod ka\u017cdy typ podr\u00f3\u017cy, antypo\u015blizgowy sp\u00f3d, komora g\u0142\u00f3wna zamykana na zamek b\u0142yskawiczny i wodoodporna torba wewn\u0119trzna. Tekstylne odblaskowe paski \u015bci\u0105gaj\u0105ce w \u015bwietle dziennym nie odbijaj\u0105 promieni s\u0142onecznych jednak w ciemno\u015bci sprawiaj\u0105, i\u017c widoczno\u015b\u0107 jest znacznie zwi\u0119kszona.<\/br><\/br><b>W\u0142a\u015bciwo\u015bci<\/b><\/p>\n<ul><LI>Zoptymalizowany dla fotela pasa\u017cera lub tylnej cz\u0119\u015bci wielu modeli, a tak\u017ce odpowiedni do zastosowania w rozszerzeniu STREET-RACK \/ ADVENTURE-RACK<LI>Zwi\u0119kszenie obj\u0119to\u015bci z 26 do 36 litr\u00f3w dzi\u0119ki dw\u00f3m bocznym suwakom<LI>Wytrzyma\u0142e klamry krzywkowe do niezawodnego, 4-punktowego mocowania za pomoc\u0105 pask\u00f3w p\u0119tlowych, pasy w dw\u00f3ch d\u0142ugo\u015bciach w zestawie<LI>4 pier\u015bcienie typu D do mocowania paska na rami\u0119 lub dodatkowych cz\u0119\u015bci baga\u017cu<LI>Antypo\u015blizgowy, zakrzywiony sp\u00f3d zapewnia optymaln\u0105 przyczepno\u015b\u0107<LI>Brak trzepotania dzi\u0119ki wzmocnionym bokom<LI>\u0141atwy dost\u0119p: 2 zewn\u0119trzne kieszenie i kiesze\u0144 z siatki w pokrywie<LI>Du\u017ca komora g\u0142\u00f3wna do indywidualnego za\u0142adunku<LI>Praktyczny uchwyt do noszenia, pasek na rami\u0119 r\u00f3wnie\u017c w zestawie<LI>Atrakcyjne po\u0142\u0105czenie tkaniny wykonanej z poliestru z czarnym mi\u0119kkim winylem<LI>Odblaskowe szczeg\u00f3\u0142y dla wi\u0119kszego bezpiecze\u0144stwa w ruchu drogowym<br \/><LI>Subtelne elementy wystroju: szyte logo SW-MOTECH i byk w kolorze srebrnoszarym<LI>Trwa\u0142y, odporny na promieniowanie UV poliester 600D z wodoodporn\u0105 pow\u0142ok\u0105 wewn\u0119trzn\u0105<LI>Wodoodporna torba wewn\u0119trzna w zestawie<LI>Materia\u0142: poliester 600D \/ mi\u0119kki winyl<LI>Czarny kolor<LI>Waga: 1,5 kg<LI>Rozmiar: 30 x 44-54 x 30 cm<LI>Pojemno\u015b\u0107: 26 &#8211; 36 l<\/ul>\n<p><b>Zestaw zawiera<\/b><\/p>\n<ul>\n<li>1 torba tylna ION M\n<li>1 wodoodporna torba wewn\u0119trzna\n<li>4 paski z oczkiem, d\u0142ugie (67 cm)\n<li>4 paski z oczkiem, kr\u00f3tkie (17 cm)\n<li>2 paski pod rejestracj\u0119\n<li>1 pas na rami\u0119\n<li>1 folia bezbarwna\n<li>Instrukcja monta\u017cu<\/BR><BR><b>W\u0142a\u015bciwo\u015bci<\/b>\n<ul><LI>Zoptymalizowany dla fotela pasa\u017cera lub tylnej cz\u0119\u015bci wielu modeli, a tak\u017ce odpowiedni do zastosowania w rozszerzeniu STREET-RACK \/ ADVENTURE-RACK<LI>Zwi\u0119kszenie obj\u0119to\u015bci z 26 do 36 litr\u00f3w dzi\u0119ki dw\u00f3m bocznym suwakom<LI>Wytrzyma\u0142e klamry krzywkowe do niezawodnego, 4-punktowego mocowania za pomoc\u0105 pask\u00f3w p\u0119tlowych, pasy w dw\u00f3ch d\u0142ugo\u015bciach w zestawie<LI>4 pier\u015bcienie typu D do mocowania paska na rami\u0119 lub dodatkowych cz\u0119\u015bci baga\u017cu<LI>Antypo\u015blizgowy, zakrzywiony sp\u00f3d zapewnia optymaln\u0105 przyczepno\u015b\u0107<LI>Brak trzepotania dzi\u0119ki wzmocnionym bokom<LI>\u0141atwy dost\u0119p: 2 zewn\u0119trzne kieszenie i kiesze\u0144 z siatki w pokrywie<LI>Du\u017ca komora g\u0142\u00f3wna do indywidualnego za\u0142adunku<LI>Praktyczny uchwyt do noszenia, pasek na rami\u0119 r\u00f3wnie\u017c w zestawie<LI>Atrakcyjne po\u0142\u0105czenie tkaniny wykonanej z poliestru z czarnym mi\u0119kkim winylem<LI>Odblaskowe szczeg\u00f3\u0142y dla wi\u0119kszego bezpiecze\u0144stwa w ruchu drogowym<br \/><LI>Subtelne elementy wystroju: szyte logo SW-MOTECH i byk w kolorze srebrnoszarym<LI>Trwa\u0142y, odporny na promieniowanie UV poliester 600D z wodoodporn\u0105 pow\u0142ok\u0105 wewn\u0119trzn\u0105<LI>Wodoodporna torba wewn\u0119trzna w zestawie<LI>Materia\u0142: poliester 600D \/ mi\u0119kki winyl<LI>Czarny kolor<LI>Waga: 1,5 kg<LI>Rozmiar: 30 x 44-54 x 30 cm<LI>Pojemno\u015b\u0107: 26 &#8211; 36 l<\/ul>\n<p><b>Zestaw zawiera<\/b><\/p>\n<ul>\n<li>1 torba tylna ION M\n<li>1 wodoodporna torba wewn\u0119trzna\n<li>4 paski z oczkiem, d\u0142ugie (67 cm)\n<li>4 paski z oczkiem, kr\u00f3tkie (17 cm)\n<li>2 paski pod rejestracj\u0119\n<li>1 pas na rami\u0119\n<li>1 folia bezbarwna\n<li>Instrukcja monta\u017cu<\/UL><br \/>\n","protected":false},"excerpt":{"rendered":"<p>Torba na ogon ION M mo\u017ce by\u0107 przymocowana do niemal ka\u017cdego ogona motocykla, dzi\u0119ki optymalnemu dopasowaniu i zakrzywionemu antypo\u015blizgowemu spodkowi. Mo\u017cliwe jest r\u00f3wnie\u017c u\u017cycie tej torby do zamocowania na stela\u017cu STREET-RACK \/ ADVENTURE-RACK za pomoc\u0105 dedykowanego rozszerzenia. Szczeg\u00f3lnie przydatne: dwie zewn\u0119trzne kieszenie oraz jedn\u0105 kiesze\u0144 z siatki na pokrywie. \u0141atwy dost\u0119p do 26-litrowego baga\u017cu mo\u017cna [&hellip;]<\/p>\n","protected":false},"featured_media":9562,"template":"","meta":[],"product_brand":[386],"product_cat":[390],"product_tag":[],"class_list":{"0":"post-9563","1":"product","2":"type-product","3":"status-publish","4":"has-post-thumbnail","6":"product_brand-sw-motech","7":"product_cat-akcesoria-sw-motech-2","9":"first","10":"onbackorder","11":"taxable","12":"shipping-taxable","13":"purchasable","14":"product-type-simple"},"yoast_head":"<!-- This site is optimized with the Yoast SEO plugin v26.9 - https:\/\/yoast.com\/product\/yoast-seo-wordpress\/ -->\n<title>TORBA TYLNA SW-MOTECH ION M BLACK 26-36L - MOTO-PAWMAR<\/title>\n<meta name=\"robots\" content=\"index, follow, max-snippet:-1, max-image-preview:large, max-video-preview:-1\" \/>\n<link rel=\"canonical\" href=\"https:\/\/moto-pawmar.pl\/?product=torba-tylna-sw-motech-ion-m-black-26-36l\" \/>\n<meta property=\"og:locale\" content=\"pl_PL\" \/>\n<meta property=\"og:type\" content=\"article\" \/>\n<meta property=\"og:title\" content=\"TORBA TYLNA SW-MOTECH ION M BLACK 26-36L - MOTO-PAWMAR\" \/>\n<meta property=\"og:description\" content=\"Torba na ogon ION M mo\u017ce by\u0107 przymocowana do niemal ka\u017cdego ogona motocykla, dzi\u0119ki optymalnemu dopasowaniu i zakrzywionemu antypo\u015blizgowemu spodkowi. Mo\u017cliwe jest r\u00f3wnie\u017c u\u017cycie tej torby do zamocowania na stela\u017cu STREET-RACK \/ ADVENTURE-RACK za pomoc\u0105 dedykowanego rozszerzenia. Szczeg\u00f3lnie przydatne: dwie zewn\u0119trzne kieszenie oraz jedn\u0105 kiesze\u0144 z siatki na pokrywie. \u0141atwy dost\u0119p do 26-litrowego baga\u017cu mo\u017cna [&hellip;]\" \/>\n<meta property=\"og:url\" content=\"https:\/\/moto-pawmar.pl\/?product=torba-tylna-sw-motech-ion-m-black-26-36l\" \/>\n<meta property=\"og:site_name\" content=\"MOTO-PAWMAR\" \/>\n<meta property=\"article:publisher\" content=\"https:\/\/www.facebook.com\/motopawmar\/?locale=pl_PL\" \/>\n<meta property=\"article:modified_time\" content=\"2026-01-29T08:22:06+00:00\" \/>\n<meta property=\"og:image\" content=\"https:\/\/moto-pawmar.pl\/wp-content\/uploads\/2026\/01\/181339_ZAL293433.jpg\" \/>\n\t<meta property=\"og:image:width\" content=\"800\" \/>\n\t<meta property=\"og:image:height\" content=\"533\" \/>\n\t<meta property=\"og:image:type\" content=\"image\/jpeg\" \/>\n<meta name=\"twitter:card\" content=\"summary_large_image\" \/>\n<meta name=\"twitter:label1\" content=\"Szacowany czas czytania\" \/>\n\t<meta name=\"twitter:data1\" content=\"3 minuty\" \/>\n<script type=\"application\/ld+json\" class=\"yoast-schema-graph\">{\"@context\":\"https:\/\/schema.org\",\"@graph\":[{\"@type\":\"WebPage\",\"@id\":\"https:\/\/moto-pawmar.pl\/?product=torba-tylna-sw-motech-ion-m-black-26-36l\",\"url\":\"https:\/\/moto-pawmar.pl\/?product=torba-tylna-sw-motech-ion-m-black-26-36l\",\"name\":\"TORBA TYLNA SW-MOTECH ION M BLACK 26-36L - MOTO-PAWMAR\",\"isPartOf\":{\"@id\":\"https:\/\/moto-pawmar.pl\/#website\"},\"primaryImageOfPage\":{\"@id\":\"https:\/\/moto-pawmar.pl\/?product=torba-tylna-sw-motech-ion-m-black-26-36l#primaryimage\"},\"image\":{\"@id\":\"https:\/\/moto-pawmar.pl\/?product=torba-tylna-sw-motech-ion-m-black-26-36l#primaryimage\"},\"thumbnailUrl\":\"https:\/\/moto-pawmar.pl\/wp-content\/uploads\/2026\/01\/181339_ZAL293433.jpg\",\"datePublished\":\"2026-01-28T15:45:07+00:00\",\"dateModified\":\"2026-01-29T08:22:06+00:00\",\"breadcrumb\":{\"@id\":\"https:\/\/moto-pawmar.pl\/?product=torba-tylna-sw-motech-ion-m-black-26-36l#breadcrumb\"},\"inLanguage\":\"pl-PL\",\"potentialAction\":[{\"@type\":\"ReadAction\",\"target\":[\"https:\/\/moto-pawmar.pl\/?product=torba-tylna-sw-motech-ion-m-black-26-36l\"]}]},{\"@type\":\"ImageObject\",\"inLanguage\":\"pl-PL\",\"@id\":\"https:\/\/moto-pawmar.pl\/?product=torba-tylna-sw-motech-ion-m-black-26-36l#primaryimage\",\"url\":\"https:\/\/moto-pawmar.pl\/wp-content\/uploads\/2026\/01\/181339_ZAL293433.jpg\",\"contentUrl\":\"https:\/\/moto-pawmar.pl\/wp-content\/uploads\/2026\/01\/181339_ZAL293433.jpg\",\"width\":800,\"height\":533},{\"@type\":\"BreadcrumbList\",\"@id\":\"https:\/\/moto-pawmar.pl\/?product=torba-tylna-sw-motech-ion-m-black-26-36l#breadcrumb\",\"itemListElement\":[{\"@type\":\"ListItem\",\"position\":1,\"name\":\"Strona g\u0142\u00f3wna\",\"item\":\"https:\/\/moto-pawmar.pl\/\"},{\"@type\":\"ListItem\",\"position\":2,\"name\":\"Sklep Internetowy\",\"item\":\"https:\/\/moto-pawmar.pl\/?page_id=367\"},{\"@type\":\"ListItem\",\"position\":3,\"name\":\"TORBA TYLNA SW-MOTECH ION M BLACK 26-36L\"}]},{\"@type\":\"WebSite\",\"@id\":\"https:\/\/moto-pawmar.pl\/#website\",\"url\":\"https:\/\/moto-pawmar.pl\/\",\"name\":\"MOTO-PAWMAR\",\"description\":\"MOTO\u2011PAWMAR \u2013 Tw\u00f3j sklep z cz\u0119\u015bciami i akcesoriami do motocykli, skuter\u00f3w i quad\u00f3w.\",\"publisher\":{\"@id\":\"https:\/\/moto-pawmar.pl\/#organization\"},\"potentialAction\":[{\"@type\":\"SearchAction\",\"target\":{\"@type\":\"EntryPoint\",\"urlTemplate\":\"https:\/\/moto-pawmar.pl\/?s={search_term_string}\"},\"query-input\":{\"@type\":\"PropertyValueSpecification\",\"valueRequired\":true,\"valueName\":\"search_term_string\"}}],\"inLanguage\":\"pl-PL\"},{\"@type\":\"Organization\",\"@id\":\"https:\/\/moto-pawmar.pl\/#organization\",\"name\":\"MOTO-PAWMAR\",\"url\":\"https:\/\/moto-pawmar.pl\/\",\"logo\":{\"@type\":\"ImageObject\",\"inLanguage\":\"pl-PL\",\"@id\":\"https:\/\/moto-pawmar.pl\/#\/schema\/logo\/image\/\",\"url\":\"https:\/\/moto-pawmar.pl\/wp-content\/uploads\/2025\/10\/LOGO-SKLEP.png\",\"contentUrl\":\"https:\/\/moto-pawmar.pl\/wp-content\/uploads\/2025\/10\/LOGO-SKLEP.png\",\"width\":2480,\"height\":2053,\"caption\":\"MOTO-PAWMAR\"},\"image\":{\"@id\":\"https:\/\/moto-pawmar.pl\/#\/schema\/logo\/image\/\"},\"sameAs\":[\"https:\/\/www.facebook.com\/motopawmar\/?locale=pl_PL\"]}]}<\/script>\n<!-- \/ Yoast SEO plugin. -->","yoast_head_json":{"title":"TORBA TYLNA SW-MOTECH ION M BLACK 26-36L - MOTO-PAWMAR","robots":{"index":"index","follow":"follow","max-snippet":"max-snippet:-1","max-image-preview":"max-image-preview:large","max-video-preview":"max-video-preview:-1"},"canonical":"https:\/\/moto-pawmar.pl\/?product=torba-tylna-sw-motech-ion-m-black-26-36l","og_locale":"pl_PL","og_type":"article","og_title":"TORBA TYLNA SW-MOTECH ION M BLACK 26-36L - MOTO-PAWMAR","og_description":"Torba na ogon ION M mo\u017ce by\u0107 przymocowana do niemal ka\u017cdego ogona motocykla, dzi\u0119ki optymalnemu dopasowaniu i zakrzywionemu antypo\u015blizgowemu spodkowi. Mo\u017cliwe jest r\u00f3wnie\u017c u\u017cycie tej torby do zamocowania na stela\u017cu STREET-RACK \/ ADVENTURE-RACK za pomoc\u0105 dedykowanego rozszerzenia. Szczeg\u00f3lnie przydatne: dwie zewn\u0119trzne kieszenie oraz jedn\u0105 kiesze\u0144 z siatki na pokrywie. \u0141atwy dost\u0119p do 26-litrowego baga\u017cu mo\u017cna [&hellip;]","og_url":"https:\/\/moto-pawmar.pl\/?product=torba-tylna-sw-motech-ion-m-black-26-36l","og_site_name":"MOTO-PAWMAR","article_publisher":"https:\/\/www.facebook.com\/motopawmar\/?locale=pl_PL","article_modified_time":"2026-01-29T08:22:06+00:00","og_image":[{"width":800,"height":533,"url":"https:\/\/moto-pawmar.pl\/wp-content\/uploads\/2026\/01\/181339_ZAL293433.jpg","type":"image\/jpeg"}],"twitter_card":"summary_large_image","twitter_misc":{"Szacowany czas czytania":"3 minuty"},"schema":{"@context":"https:\/\/schema.org","@graph":[{"@type":"WebPage","@id":"https:\/\/moto-pawmar.pl\/?product=torba-tylna-sw-motech-ion-m-black-26-36l","url":"https:\/\/moto-pawmar.pl\/?product=torba-tylna-sw-motech-ion-m-black-26-36l","name":"TORBA TYLNA SW-MOTECH ION M BLACK 26-36L - MOTO-PAWMAR","isPartOf":{"@id":"https:\/\/moto-pawmar.pl\/#website"},"primaryImageOfPage":{"@id":"https:\/\/moto-pawmar.pl\/?product=torba-tylna-sw-motech-ion-m-black-26-36l#primaryimage"},"image":{"@id":"https:\/\/moto-pawmar.pl\/?product=torba-tylna-sw-motech-ion-m-black-26-36l#primaryimage"},"thumbnailUrl":"https:\/\/moto-pawmar.pl\/wp-content\/uploads\/2026\/01\/181339_ZAL293433.jpg","datePublished":"2026-01-28T15:45:07+00:00","dateModified":"2026-01-29T08:22:06+00:00","breadcrumb":{"@id":"https:\/\/moto-pawmar.pl\/?product=torba-tylna-sw-motech-ion-m-black-26-36l#breadcrumb"},"inLanguage":"pl-PL","potentialAction":[{"@type":"ReadAction","target":["https:\/\/moto-pawmar.pl\/?product=torba-tylna-sw-motech-ion-m-black-26-36l"]}]},{"@type":"ImageObject","inLanguage":"pl-PL","@id":"https:\/\/moto-pawmar.pl\/?product=torba-tylna-sw-motech-ion-m-black-26-36l#primaryimage","url":"https:\/\/moto-pawmar.pl\/wp-content\/uploads\/2026\/01\/181339_ZAL293433.jpg","contentUrl":"https:\/\/moto-pawmar.pl\/wp-content\/uploads\/2026\/01\/181339_ZAL293433.jpg","width":800,"height":533},{"@type":"BreadcrumbList","@id":"https:\/\/moto-pawmar.pl\/?product=torba-tylna-sw-motech-ion-m-black-26-36l#breadcrumb","itemListElement":[{"@type":"ListItem","position":1,"name":"Strona g\u0142\u00f3wna","item":"https:\/\/moto-pawmar.pl\/"},{"@type":"ListItem","position":2,"name":"Sklep Internetowy","item":"https:\/\/moto-pawmar.pl\/?page_id=367"},{"@type":"ListItem","position":3,"name":"TORBA TYLNA SW-MOTECH ION M BLACK 26-36L"}]},{"@type":"WebSite","@id":"https:\/\/moto-pawmar.pl\/#website","url":"https:\/\/moto-pawmar.pl\/","name":"MOTO-PAWMAR","description":"MOTO\u2011PAWMAR \u2013 Tw\u00f3j sklep z cz\u0119\u015bciami i akcesoriami do motocykli, skuter\u00f3w i quad\u00f3w.","publisher":{"@id":"https:\/\/moto-pawmar.pl\/#organization"},"potentialAction":[{"@type":"SearchAction","target":{"@type":"EntryPoint","urlTemplate":"https:\/\/moto-pawmar.pl\/?s={search_term_string}"},"query-input":{"@type":"PropertyValueSpecification","valueRequired":true,"valueName":"search_term_string"}}],"inLanguage":"pl-PL"},{"@type":"Organization","@id":"https:\/\/moto-pawmar.pl\/#organization","name":"MOTO-PAWMAR","url":"https:\/\/moto-pawmar.pl\/","logo":{"@type":"ImageObject","inLanguage":"pl-PL","@id":"https:\/\/moto-pawmar.pl\/#\/schema\/logo\/image\/","url":"https:\/\/moto-pawmar.pl\/wp-content\/uploads\/2025\/10\/LOGO-SKLEP.png","contentUrl":"https:\/\/moto-pawmar.pl\/wp-content\/uploads\/2025\/10\/LOGO-SKLEP.png","width":2480,"height":2053,"caption":"MOTO-PAWMAR"},"image":{"@id":"https:\/\/moto-pawmar.pl\/#\/schema\/logo\/image\/"},"sameAs":["https:\/\/www.facebook.com\/motopawmar\/?locale=pl_PL"]}]}},"_links":{"self":[{"href":"https:\/\/moto-pawmar.pl\/index.php?rest_route=\/wp\/v2\/product\/9563","targetHints":{"allow":["GET"]}}],"collection":[{"href":"https:\/\/moto-pawmar.pl\/index.php?rest_route=\/wp\/v2\/product"}],"about":[{"href":"https:\/\/moto-pawmar.pl\/index.php?rest_route=\/wp\/v2\/types\/product"}],"wp:featuredmedia":[{"embeddable":true,"href":"https:\/\/moto-pawmar.pl\/index.php?rest_route=\/wp\/v2\/media\/9562"}],"wp:attachment":[{"href":"https:\/\/moto-pawmar.pl\/index.php?rest_route=%2Fwp%2Fv2%2Fmedia&parent=9563"}],"wp:term":[{"taxonomy":"product_brand","embeddable":true,"href":"https:\/\/moto-pawmar.pl\/index.php?rest_route=%2Fwp%2Fv2%2Fproduct_brand&post=9563"},{"taxonomy":"product_cat","embeddable":true,"href":"https:\/\/moto-pawmar.pl\/index.php?rest_route=%2Fwp%2Fv2%2Fproduct_cat&post=9563"},{"taxonomy":"product_tag","embeddable":true,"href":"https:\/\/moto-pawmar.pl\/index.php?rest_route=%2Fwp%2Fv2%2Fproduct_tag&post=9563"}],"curies":[{"name":"wp","href":"https:\/\/api.w.org\/{rel}","templated":true}]}}