{"id":9561,"date":"2026-01-28T16:45:07","date_gmt":"2026-01-28T15:45:07","guid":{"rendered":"https:\/\/moto-pawmar.pl\/?product=torba-tylna-sw-motech-ion-s-black-7-15-l"},"modified":"2026-01-29T09:22:06","modified_gmt":"2026-01-29T08:22:06","slug":"torba-tylna-sw-motech-ion-s-black-7-15-l","status":"publish","type":"product","link":"https:\/\/moto-pawmar.pl\/?product=torba-tylna-sw-motech-ion-s-black-7-15-l","title":{"rendered":"TORBA TYLNA SW-MOTECH ION S BLACK 7-15 L"},"content":{"rendered":"<p>Idealny do ma\u0142ych i sportowych motocykli: obj\u0119to\u015b\u0107 torby ION S mo\u017cna zwi\u0119kszy\u0107 za pomoc\u0105 zamka b\u0142yskawicznego od 7 do 15 l, a zatem oferuje wystarczaj\u0105co du\u017co miejsca na napoje, ubrania oraz inne drobiazgi, kt\u00f3rych potrzebujesz na wycieczk\u0119 lub kr\u00f3tka podr\u00f3\u017c. T\u0105 ma\u0142\u0105 kompaktow\u0105 torb\u0119 mocujemy do motocykla za pomoc\u0105 pask\u00f3w, kt\u00f3re w prosty spos\u00f3b zaczepiamy o uchwyty typu D-ring znajduj\u0105ce si\u0119 wok\u00f3\u0142 torby. Jednocze\u015bnie torba od spodniej strony na dwie klapy z zapi\u0119ciem na rzep, kt\u00f3re pe\u0142ni\u0105 funkcj\u0119 zaczepienia o tylne siedzenie lub stela\u017c kufra. Wzmocnione boki, wy\u015bcie\u0142ana pokrywa i paski do \u015bciskania baga\u017cu, gwarantuj\u0105 solidny kszta\u0142t nawet przy sportowym stylu jazdy. Rzeczy schowane w zewn\u0119trznej kieszeni lub komorze z siatki wewn\u0105trz pokrywy s\u0105 zawsze pod r\u0119k\u0105. Uchwyt do przenoszenia sprawia, \u017ce torba tylna ION jest praktycznym towarzyszem podr\u00f3\u017cy nawet z dala od ulicy.<\/br><\/br>Trzy rozmiary, elegancki wygl\u0105d, atrakcyjna cena: torby z serii ION s\u0105 dost\u0119pne w trzech kszta\u0142tach i mo\u017cna je przymocowa\u0107 do niemal ka\u017cdego ogona motocykla. Wykonane z czarnego poliestru 600D z elementami z mi\u0119kkiego winylu, torby na ogon \u0142\u0105cz\u0105 atrakcyjny wygl\u0105d z cechami przydatnymi do jazdy, takimi jak zoptymalizowany schowek, antypo\u015blizgowy sp\u00f3d, zamykany na zamek g\u0142\u00f3wny przedzia\u0142 i wodoodporna torba wewn\u0119trzna. Odbijaj\u0105ce pr\u0105\u017cki tekstylne s\u0105 ledwo widoczne w \u015bwietle dziennym, ale w ciemno\u015bci widoczno\u015b\u0107 jest znacznie zwi\u0119kszona.<\/BR><BR><b>W\u0142a\u015bciwo\u015bci<\/b><\/p>\n<ul>\n<li>Kompaktowa torba na ogon, idealna dla ma\u0142ych i sportowych motocykli\n<li>Zwi\u0119kszanie obj\u0119to\u015bci z 7 do 15 l\n<li>D-ringi do niezawodnego mocowania 4-punktowego za pomoc\u0105 pask\u00f3w oczkowych\n<li>Zintegrowane dwie klapy z zapi\u0119ciem na przydatne do mocowania pod siedzeniem pasa\u017cera lub stela\u017cem \n<li>\u0141atwy dost\u0119p: zewn\u0119trzna kiesze\u0144 i kiesze\u0144 z siatki wewn\u0105trz pokrywy\n<li>Du\u017ca komora g\u0142\u00f3wna do indywidualnego za\u0142adunku\n<li>Praktyczny uchwyt do przenoszenia\n<li>Antypo\u015blizgowy sp\u00f3d zapewnia idealn\u0105 stabilno\u015b\u0107\n<li>Atrakcyjne po\u0142\u0105czenie tkaniny wykonanej z poliestru z czarnym mi\u0119kkim winylem\n<li>Odblaskowe szczeg\u00f3\u0142y dla wi\u0119kszego bezpiecze\u0144stwa w ruchu drogowym\n<li>Subtelne elementy wystroju: szyte logo SW-MOTECH i byk w kolorze srebrnoszarym\n<li>Trwa\u0142y, odporny na promieniowanie UV poliester 600D z wodoodporn\u0105 pow\u0142ok\u0105 wewn\u0119trzn\u0105\n<li>Wodoodporna torba wewn\u0119trzna w zestawie\n<li>Materia\u0142: poliester 600D \/ mi\u0119kki winyl\n<li>Czarny kolor\n<li>Waga: 0,6 kg\n<li>Rozmiar: 33 x 29 x 10-18 cm\n<li>Pojemno\u015b\u0107: 7 &#8211; 15 l<\/ul>\n<p><b>Zestaw zawiera<\/b><\/p>\n<ul>\n<li>1 torba na ogon ION S\n<li>1 wodoodporna torba wewn\u0119trzna\n<li>4 paski do p\u0119tli (20 mm szeroko\u015bci, 2 x 37 cm d\u0142ugo\u015bci, 2 x 70 cm d\u0142ugo\u015bci) BC.ZUB.00.083.30000\n<li>1 folia bezbarwna do zabezpieczenia lakieru\n<li>Instrukcja monta\u017cu<\/UL><br \/>\n","protected":false},"excerpt":{"rendered":"<p>Idealny do ma\u0142ych i sportowych motocykli: obj\u0119to\u015b\u0107 torby ION S mo\u017cna zwi\u0119kszy\u0107 za pomoc\u0105 zamka b\u0142yskawicznego od 7 do 15 l, a zatem oferuje wystarczaj\u0105co du\u017co miejsca na napoje, ubrania oraz inne drobiazgi, kt\u00f3rych potrzebujesz na wycieczk\u0119 lub kr\u00f3tka podr\u00f3\u017c. T\u0105 ma\u0142\u0105 kompaktow\u0105 torb\u0119 mocujemy do motocykla za pomoc\u0105 pask\u00f3w, kt\u00f3re w prosty spos\u00f3b zaczepiamy [&hellip;]<\/p>\n","protected":false},"featured_media":9560,"template":"","meta":[],"product_brand":[386],"product_cat":[390],"product_tag":[],"class_list":{"0":"post-9561","1":"product","2":"type-product","3":"status-publish","4":"has-post-thumbnail","6":"product_brand-sw-motech","7":"product_cat-akcesoria-sw-motech-2","9":"first","10":"onbackorder","11":"taxable","12":"shipping-taxable","13":"purchasable","14":"product-type-simple"},"yoast_head":"<!-- This site is optimized with the Yoast SEO plugin v26.9 - https:\/\/yoast.com\/product\/yoast-seo-wordpress\/ -->\n<title>TORBA TYLNA SW-MOTECH ION S BLACK 7-15 L - MOTO-PAWMAR<\/title>\n<meta name=\"robots\" content=\"index, follow, max-snippet:-1, max-image-preview:large, max-video-preview:-1\" \/>\n<link rel=\"canonical\" href=\"https:\/\/moto-pawmar.pl\/?product=torba-tylna-sw-motech-ion-s-black-7-15-l\" \/>\n<meta property=\"og:locale\" content=\"pl_PL\" \/>\n<meta property=\"og:type\" content=\"article\" \/>\n<meta property=\"og:title\" content=\"TORBA TYLNA SW-MOTECH ION S BLACK 7-15 L - MOTO-PAWMAR\" \/>\n<meta property=\"og:description\" content=\"Idealny do ma\u0142ych i sportowych motocykli: obj\u0119to\u015b\u0107 torby ION S mo\u017cna zwi\u0119kszy\u0107 za pomoc\u0105 zamka b\u0142yskawicznego od 7 do 15 l, a zatem oferuje wystarczaj\u0105co du\u017co miejsca na napoje, ubrania oraz inne drobiazgi, kt\u00f3rych potrzebujesz na wycieczk\u0119 lub kr\u00f3tka podr\u00f3\u017c. T\u0105 ma\u0142\u0105 kompaktow\u0105 torb\u0119 mocujemy do motocykla za pomoc\u0105 pask\u00f3w, kt\u00f3re w prosty spos\u00f3b zaczepiamy [&hellip;]\" \/>\n<meta property=\"og:url\" content=\"https:\/\/moto-pawmar.pl\/?product=torba-tylna-sw-motech-ion-s-black-7-15-l\" \/>\n<meta property=\"og:site_name\" content=\"MOTO-PAWMAR\" \/>\n<meta property=\"article:publisher\" content=\"https:\/\/www.facebook.com\/motopawmar\/?locale=pl_PL\" \/>\n<meta property=\"article:modified_time\" content=\"2026-01-29T08:22:06+00:00\" \/>\n<meta property=\"og:image\" content=\"https:\/\/moto-pawmar.pl\/wp-content\/uploads\/2026\/01\/181338_ZAL292430.jpg\" \/>\n\t<meta property=\"og:image:width\" content=\"800\" \/>\n\t<meta property=\"og:image:height\" content=\"533\" \/>\n\t<meta property=\"og:image:type\" content=\"image\/jpeg\" \/>\n<meta name=\"twitter:card\" content=\"summary_large_image\" \/>\n<meta name=\"twitter:label1\" content=\"Szacowany czas czytania\" \/>\n\t<meta name=\"twitter:data1\" content=\"2 minuty\" \/>\n<script type=\"application\/ld+json\" class=\"yoast-schema-graph\">{\"@context\":\"https:\/\/schema.org\",\"@graph\":[{\"@type\":\"WebPage\",\"@id\":\"https:\/\/moto-pawmar.pl\/?product=torba-tylna-sw-motech-ion-s-black-7-15-l\",\"url\":\"https:\/\/moto-pawmar.pl\/?product=torba-tylna-sw-motech-ion-s-black-7-15-l\",\"name\":\"TORBA TYLNA SW-MOTECH ION S BLACK 7-15 L - MOTO-PAWMAR\",\"isPartOf\":{\"@id\":\"https:\/\/moto-pawmar.pl\/#website\"},\"primaryImageOfPage\":{\"@id\":\"https:\/\/moto-pawmar.pl\/?product=torba-tylna-sw-motech-ion-s-black-7-15-l#primaryimage\"},\"image\":{\"@id\":\"https:\/\/moto-pawmar.pl\/?product=torba-tylna-sw-motech-ion-s-black-7-15-l#primaryimage\"},\"thumbnailUrl\":\"https:\/\/moto-pawmar.pl\/wp-content\/uploads\/2026\/01\/181338_ZAL292430.jpg\",\"datePublished\":\"2026-01-28T15:45:07+00:00\",\"dateModified\":\"2026-01-29T08:22:06+00:00\",\"breadcrumb\":{\"@id\":\"https:\/\/moto-pawmar.pl\/?product=torba-tylna-sw-motech-ion-s-black-7-15-l#breadcrumb\"},\"inLanguage\":\"pl-PL\",\"potentialAction\":[{\"@type\":\"ReadAction\",\"target\":[\"https:\/\/moto-pawmar.pl\/?product=torba-tylna-sw-motech-ion-s-black-7-15-l\"]}]},{\"@type\":\"ImageObject\",\"inLanguage\":\"pl-PL\",\"@id\":\"https:\/\/moto-pawmar.pl\/?product=torba-tylna-sw-motech-ion-s-black-7-15-l#primaryimage\",\"url\":\"https:\/\/moto-pawmar.pl\/wp-content\/uploads\/2026\/01\/181338_ZAL292430.jpg\",\"contentUrl\":\"https:\/\/moto-pawmar.pl\/wp-content\/uploads\/2026\/01\/181338_ZAL292430.jpg\",\"width\":800,\"height\":533},{\"@type\":\"BreadcrumbList\",\"@id\":\"https:\/\/moto-pawmar.pl\/?product=torba-tylna-sw-motech-ion-s-black-7-15-l#breadcrumb\",\"itemListElement\":[{\"@type\":\"ListItem\",\"position\":1,\"name\":\"Strona g\u0142\u00f3wna\",\"item\":\"https:\/\/moto-pawmar.pl\/\"},{\"@type\":\"ListItem\",\"position\":2,\"name\":\"Sklep Internetowy\",\"item\":\"https:\/\/moto-pawmar.pl\/?page_id=367\"},{\"@type\":\"ListItem\",\"position\":3,\"name\":\"TORBA TYLNA SW-MOTECH ION S BLACK 7-15 L\"}]},{\"@type\":\"WebSite\",\"@id\":\"https:\/\/moto-pawmar.pl\/#website\",\"url\":\"https:\/\/moto-pawmar.pl\/\",\"name\":\"MOTO-PAWMAR\",\"description\":\"MOTO\u2011PAWMAR \u2013 Tw\u00f3j sklep z cz\u0119\u015bciami i akcesoriami do motocykli, skuter\u00f3w i quad\u00f3w.\",\"publisher\":{\"@id\":\"https:\/\/moto-pawmar.pl\/#organization\"},\"potentialAction\":[{\"@type\":\"SearchAction\",\"target\":{\"@type\":\"EntryPoint\",\"urlTemplate\":\"https:\/\/moto-pawmar.pl\/?s={search_term_string}\"},\"query-input\":{\"@type\":\"PropertyValueSpecification\",\"valueRequired\":true,\"valueName\":\"search_term_string\"}}],\"inLanguage\":\"pl-PL\"},{\"@type\":\"Organization\",\"@id\":\"https:\/\/moto-pawmar.pl\/#organization\",\"name\":\"MOTO-PAWMAR\",\"url\":\"https:\/\/moto-pawmar.pl\/\",\"logo\":{\"@type\":\"ImageObject\",\"inLanguage\":\"pl-PL\",\"@id\":\"https:\/\/moto-pawmar.pl\/#\/schema\/logo\/image\/\",\"url\":\"https:\/\/moto-pawmar.pl\/wp-content\/uploads\/2025\/10\/LOGO-SKLEP.png\",\"contentUrl\":\"https:\/\/moto-pawmar.pl\/wp-content\/uploads\/2025\/10\/LOGO-SKLEP.png\",\"width\":2480,\"height\":2053,\"caption\":\"MOTO-PAWMAR\"},\"image\":{\"@id\":\"https:\/\/moto-pawmar.pl\/#\/schema\/logo\/image\/\"},\"sameAs\":[\"https:\/\/www.facebook.com\/motopawmar\/?locale=pl_PL\"]}]}<\/script>\n<!-- \/ Yoast SEO plugin. -->","yoast_head_json":{"title":"TORBA TYLNA SW-MOTECH ION S BLACK 7-15 L - MOTO-PAWMAR","robots":{"index":"index","follow":"follow","max-snippet":"max-snippet:-1","max-image-preview":"max-image-preview:large","max-video-preview":"max-video-preview:-1"},"canonical":"https:\/\/moto-pawmar.pl\/?product=torba-tylna-sw-motech-ion-s-black-7-15-l","og_locale":"pl_PL","og_type":"article","og_title":"TORBA TYLNA SW-MOTECH ION S BLACK 7-15 L - MOTO-PAWMAR","og_description":"Idealny do ma\u0142ych i sportowych motocykli: obj\u0119to\u015b\u0107 torby ION S mo\u017cna zwi\u0119kszy\u0107 za pomoc\u0105 zamka b\u0142yskawicznego od 7 do 15 l, a zatem oferuje wystarczaj\u0105co du\u017co miejsca na napoje, ubrania oraz inne drobiazgi, kt\u00f3rych potrzebujesz na wycieczk\u0119 lub kr\u00f3tka podr\u00f3\u017c. T\u0105 ma\u0142\u0105 kompaktow\u0105 torb\u0119 mocujemy do motocykla za pomoc\u0105 pask\u00f3w, kt\u00f3re w prosty spos\u00f3b zaczepiamy [&hellip;]","og_url":"https:\/\/moto-pawmar.pl\/?product=torba-tylna-sw-motech-ion-s-black-7-15-l","og_site_name":"MOTO-PAWMAR","article_publisher":"https:\/\/www.facebook.com\/motopawmar\/?locale=pl_PL","article_modified_time":"2026-01-29T08:22:06+00:00","og_image":[{"width":800,"height":533,"url":"https:\/\/moto-pawmar.pl\/wp-content\/uploads\/2026\/01\/181338_ZAL292430.jpg","type":"image\/jpeg"}],"twitter_card":"summary_large_image","twitter_misc":{"Szacowany czas czytania":"2 minuty"},"schema":{"@context":"https:\/\/schema.org","@graph":[{"@type":"WebPage","@id":"https:\/\/moto-pawmar.pl\/?product=torba-tylna-sw-motech-ion-s-black-7-15-l","url":"https:\/\/moto-pawmar.pl\/?product=torba-tylna-sw-motech-ion-s-black-7-15-l","name":"TORBA TYLNA SW-MOTECH ION S BLACK 7-15 L - MOTO-PAWMAR","isPartOf":{"@id":"https:\/\/moto-pawmar.pl\/#website"},"primaryImageOfPage":{"@id":"https:\/\/moto-pawmar.pl\/?product=torba-tylna-sw-motech-ion-s-black-7-15-l#primaryimage"},"image":{"@id":"https:\/\/moto-pawmar.pl\/?product=torba-tylna-sw-motech-ion-s-black-7-15-l#primaryimage"},"thumbnailUrl":"https:\/\/moto-pawmar.pl\/wp-content\/uploads\/2026\/01\/181338_ZAL292430.jpg","datePublished":"2026-01-28T15:45:07+00:00","dateModified":"2026-01-29T08:22:06+00:00","breadcrumb":{"@id":"https:\/\/moto-pawmar.pl\/?product=torba-tylna-sw-motech-ion-s-black-7-15-l#breadcrumb"},"inLanguage":"pl-PL","potentialAction":[{"@type":"ReadAction","target":["https:\/\/moto-pawmar.pl\/?product=torba-tylna-sw-motech-ion-s-black-7-15-l"]}]},{"@type":"ImageObject","inLanguage":"pl-PL","@id":"https:\/\/moto-pawmar.pl\/?product=torba-tylna-sw-motech-ion-s-black-7-15-l#primaryimage","url":"https:\/\/moto-pawmar.pl\/wp-content\/uploads\/2026\/01\/181338_ZAL292430.jpg","contentUrl":"https:\/\/moto-pawmar.pl\/wp-content\/uploads\/2026\/01\/181338_ZAL292430.jpg","width":800,"height":533},{"@type":"BreadcrumbList","@id":"https:\/\/moto-pawmar.pl\/?product=torba-tylna-sw-motech-ion-s-black-7-15-l#breadcrumb","itemListElement":[{"@type":"ListItem","position":1,"name":"Strona g\u0142\u00f3wna","item":"https:\/\/moto-pawmar.pl\/"},{"@type":"ListItem","position":2,"name":"Sklep Internetowy","item":"https:\/\/moto-pawmar.pl\/?page_id=367"},{"@type":"ListItem","position":3,"name":"TORBA TYLNA SW-MOTECH ION S BLACK 7-15 L"}]},{"@type":"WebSite","@id":"https:\/\/moto-pawmar.pl\/#website","url":"https:\/\/moto-pawmar.pl\/","name":"MOTO-PAWMAR","description":"MOTO\u2011PAWMAR \u2013 Tw\u00f3j sklep z cz\u0119\u015bciami i akcesoriami do motocykli, skuter\u00f3w i quad\u00f3w.","publisher":{"@id":"https:\/\/moto-pawmar.pl\/#organization"},"potentialAction":[{"@type":"SearchAction","target":{"@type":"EntryPoint","urlTemplate":"https:\/\/moto-pawmar.pl\/?s={search_term_string}"},"query-input":{"@type":"PropertyValueSpecification","valueRequired":true,"valueName":"search_term_string"}}],"inLanguage":"pl-PL"},{"@type":"Organization","@id":"https:\/\/moto-pawmar.pl\/#organization","name":"MOTO-PAWMAR","url":"https:\/\/moto-pawmar.pl\/","logo":{"@type":"ImageObject","inLanguage":"pl-PL","@id":"https:\/\/moto-pawmar.pl\/#\/schema\/logo\/image\/","url":"https:\/\/moto-pawmar.pl\/wp-content\/uploads\/2025\/10\/LOGO-SKLEP.png","contentUrl":"https:\/\/moto-pawmar.pl\/wp-content\/uploads\/2025\/10\/LOGO-SKLEP.png","width":2480,"height":2053,"caption":"MOTO-PAWMAR"},"image":{"@id":"https:\/\/moto-pawmar.pl\/#\/schema\/logo\/image\/"},"sameAs":["https:\/\/www.facebook.com\/motopawmar\/?locale=pl_PL"]}]}},"_links":{"self":[{"href":"https:\/\/moto-pawmar.pl\/index.php?rest_route=\/wp\/v2\/product\/9561","targetHints":{"allow":["GET"]}}],"collection":[{"href":"https:\/\/moto-pawmar.pl\/index.php?rest_route=\/wp\/v2\/product"}],"about":[{"href":"https:\/\/moto-pawmar.pl\/index.php?rest_route=\/wp\/v2\/types\/product"}],"wp:featuredmedia":[{"embeddable":true,"href":"https:\/\/moto-pawmar.pl\/index.php?rest_route=\/wp\/v2\/media\/9560"}],"wp:attachment":[{"href":"https:\/\/moto-pawmar.pl\/index.php?rest_route=%2Fwp%2Fv2%2Fmedia&parent=9561"}],"wp:term":[{"taxonomy":"product_brand","embeddable":true,"href":"https:\/\/moto-pawmar.pl\/index.php?rest_route=%2Fwp%2Fv2%2Fproduct_brand&post=9561"},{"taxonomy":"product_cat","embeddable":true,"href":"https:\/\/moto-pawmar.pl\/index.php?rest_route=%2Fwp%2Fv2%2Fproduct_cat&post=9561"},{"taxonomy":"product_tag","embeddable":true,"href":"https:\/\/moto-pawmar.pl\/index.php?rest_route=%2Fwp%2Fv2%2Fproduct_tag&post=9561"}],"curies":[{"name":"wp","href":"https:\/\/api.w.org\/{rel}","templated":true}]}}