{"id":8575,"date":"2026-01-28T16:42:36","date_gmt":"2026-01-28T15:42:36","guid":{"rendered":"https:\/\/moto-pawmar.pl\/?product=kufer-centralny-sw-motech-trax-adv-topcase-black-38l"},"modified":"2026-01-29T09:20:59","modified_gmt":"2026-01-29T08:20:59","slug":"kufer-centralny-sw-motech-trax-adv-topcase-black-38l","status":"publish","type":"product","link":"https:\/\/moto-pawmar.pl\/?product=kufer-centralny-sw-motech-trax-adv-topcase-black-38l","title":{"rendered":"KUFER CENTRALNY SW-MOTECH TRAX ADV TOPCASE BLACK 38L"},"content":{"rendered":"<p>TraX\u00ae ADVENTURE to najnowsza wersja znanych ju\u017c kufr\u00f3w TraX\u00ae, jeszcze lepszych i jeszcze bardziej wytrzyma\u0142ych, wzbogaconych o wiele nowych rozwi\u0105za\u0144.<\/BR><\/BR><b>W\u0142a\u015bciwo\u015bci<\/b><UL><LI> Pokrywa zawiera uchwyty do zamocowania dodatkowych akcesori\u00f3w GEAR+,<LI> Dodatkowe r\u0105czki w pokrywie u\u0142atwiaj\u0105ce przenoszenie ca\u0142ego kufra, <LI> Pasy stabilizuj\u0105ce pokryw\u0119 oraz uniemo\u017cliwiaj\u0105ce jej wyrwanie z zawias\u00f3w,<LI> Naro\u017cniki kufra wykonane z tworzywa wzmacnianego w\u0142\u00f3knem szklanym, <LI> Wodoodporno\u015b\u0107 uzyskana dzi\u0119ki spawom oraz mechanicznemu nitowaniu, <LI>Dost\u0119pne s\u0105 w dw\u00f3ch wersjach kolorystycznych: <\/br>srebrny (aluminium, bez pokrycia) <br \/>czarny (aluminium malowane proszkowo) <\/ul>\n<p>Przy rozwoju <b>TRAX ADVENTURE<\/b> pojawi\u0142o si\u0119 nast\u0119puj\u0105ce wyzwanie. Zbudowa\u0107 kufry, kt\u00f3re pokonaj\u0105 wszystkie przeszkody motocyklowej codzienno\u015bci, lekkie i \u0142atwe w obs\u0142udze, po prostu dobre: od praktycznego zamka b\u0142yskawicznego, przez zdejmowaln\u0105 pokryw\u0119, po ergonomiczny uchwyt. TRAX ADVENTURE \u0142\u0105cz\u0105 wysok\u0105 jako\u015b\u0107 z nisk\u0105 wag\u0105. Kufer centralny<b> wa\u017cy tylko 4,6kg<\/b>, czyli nale\u017cy do grupy najl\u017cejszych kufr\u00f3w w swojej klasie. <\/p>\n<p><b> Zestaw zawiera:<\/b><\/p>\n<ul><LI> Kufer centralny TraX Adventure,<LI> Instrukcja monta\u017cu.<\/ul ><b> Porada<\/b> <br \/>W celu zamontowania kufra TraX na motocyklu niezb\u0119dne jest zam\u00f3wienie:<\/p>\n<ul>\n<li> Steel-Rack dedykowanego do danego motocykla,\n<li> Adapter do zamocowania kufra na Steel-Rack, tj.: GPT.00.152.20101\/B\n<li> Dwa zamki do zabezpieczenia pokrywy oraz przymocowania kufra do Stell-Rack, tj.: ALK.00.165.16502<\/ul>\n<p>lub mo\u017cesz zastosowa\u0107:<\/p>\n<ul>\n<li> Alu-Rack dedykowanego do danego motocykla,\n<li> P\u0142yt\u0119 monta\u017cow\u0105 pod kufer Trax, tj: GPT.00.152.400\n<li> Dwa zamki do zabezpieczenia pokrywy oraz przymocowania kufra do Alu-Rack, tj.: ALK.00.165.16502<\/ul>\n<p>R\u00f3\u017cnica pomi\u0119dzy Stell-Rack a Alu-Rack: <\/p>\n<ul>\n<li> Stell-Rack \u2013 mo\u017cliwo\u015b\u0107 zamocowania tylko kufr\u00f3w TraX\n<li>Alu-Rack \u2013 mo\u017cliwo\u015b\u0107 zamocowania kufr\u00f3w TraX oraz r\u00f3\u017cnych innych producent\u00f3w<\/UL><br \/>\n","protected":false},"excerpt":{"rendered":"<p>TraX\u00ae ADVENTURE to najnowsza wersja znanych ju\u017c kufr\u00f3w TraX\u00ae, jeszcze lepszych i jeszcze bardziej wytrzyma\u0142ych, wzbogaconych o wiele nowych rozwi\u0105za\u0144.W\u0142a\u015bciwo\u015bci Pokrywa zawiera uchwyty do zamocowania dodatkowych akcesori\u00f3w GEAR+, Dodatkowe r\u0105czki w pokrywie u\u0142atwiaj\u0105ce przenoszenie ca\u0142ego kufra, Pasy stabilizuj\u0105ce pokryw\u0119 oraz uniemo\u017cliwiaj\u0105ce jej wyrwanie z zawias\u00f3w, Naro\u017cniki kufra wykonane z tworzywa wzmacnianego w\u0142\u00f3knem szklanym, Wodoodporno\u015b\u0107 uzyskana [&hellip;]<\/p>\n","protected":false},"featured_media":8574,"template":"","meta":[],"product_brand":[386],"product_cat":[390],"product_tag":[],"class_list":{"0":"post-8575","1":"product","2":"type-product","3":"status-publish","4":"has-post-thumbnail","6":"product_brand-sw-motech","7":"product_cat-akcesoria-sw-motech-2","9":"first","10":"onbackorder","11":"taxable","12":"shipping-taxable","13":"purchasable","14":"product-type-simple"},"yoast_head":"<!-- This site is optimized with the Yoast SEO plugin v26.9 - https:\/\/yoast.com\/product\/yoast-seo-wordpress\/ -->\n<title>KUFER CENTRALNY SW-MOTECH TRAX ADV TOPCASE BLACK 38L - MOTO-PAWMAR<\/title>\n<meta name=\"robots\" content=\"index, follow, max-snippet:-1, max-image-preview:large, max-video-preview:-1\" \/>\n<link rel=\"canonical\" href=\"https:\/\/moto-pawmar.pl\/?product=kufer-centralny-sw-motech-trax-adv-topcase-black-38l\" \/>\n<meta property=\"og:locale\" content=\"pl_PL\" \/>\n<meta property=\"og:type\" content=\"article\" \/>\n<meta property=\"og:title\" content=\"KUFER CENTRALNY SW-MOTECH TRAX ADV TOPCASE BLACK 38L - MOTO-PAWMAR\" \/>\n<meta property=\"og:description\" content=\"TraX\u00ae ADVENTURE to najnowsza wersja znanych ju\u017c kufr\u00f3w TraX\u00ae, jeszcze lepszych i jeszcze bardziej wytrzyma\u0142ych, wzbogaconych o wiele nowych rozwi\u0105za\u0144.W\u0142a\u015bciwo\u015bci Pokrywa zawiera uchwyty do zamocowania dodatkowych akcesori\u00f3w GEAR+, Dodatkowe r\u0105czki w pokrywie u\u0142atwiaj\u0105ce przenoszenie ca\u0142ego kufra, Pasy stabilizuj\u0105ce pokryw\u0119 oraz uniemo\u017cliwiaj\u0105ce jej wyrwanie z zawias\u00f3w, Naro\u017cniki kufra wykonane z tworzywa wzmacnianego w\u0142\u00f3knem szklanym, Wodoodporno\u015b\u0107 uzyskana [&hellip;]\" \/>\n<meta property=\"og:url\" content=\"https:\/\/moto-pawmar.pl\/?product=kufer-centralny-sw-motech-trax-adv-topcase-black-38l\" \/>\n<meta property=\"og:site_name\" content=\"MOTO-PAWMAR\" \/>\n<meta property=\"article:publisher\" content=\"https:\/\/www.facebook.com\/motopawmar\/?locale=pl_PL\" \/>\n<meta property=\"article:modified_time\" content=\"2026-01-29T08:20:59+00:00\" \/>\n<meta property=\"og:image\" content=\"https:\/\/moto-pawmar.pl\/wp-content\/uploads\/2026\/01\/096740_ZAL513687.jpg\" \/>\n\t<meta property=\"og:image:width\" content=\"800\" \/>\n\t<meta property=\"og:image:height\" content=\"533\" \/>\n\t<meta property=\"og:image:type\" content=\"image\/jpeg\" \/>\n<meta name=\"twitter:card\" content=\"summary_large_image\" \/>\n<meta name=\"twitter:label1\" content=\"Szacowany czas czytania\" \/>\n\t<meta name=\"twitter:data1\" content=\"1 minuta\" \/>\n<script type=\"application\/ld+json\" class=\"yoast-schema-graph\">{\"@context\":\"https:\/\/schema.org\",\"@graph\":[{\"@type\":\"WebPage\",\"@id\":\"https:\/\/moto-pawmar.pl\/?product=kufer-centralny-sw-motech-trax-adv-topcase-black-38l\",\"url\":\"https:\/\/moto-pawmar.pl\/?product=kufer-centralny-sw-motech-trax-adv-topcase-black-38l\",\"name\":\"KUFER CENTRALNY SW-MOTECH TRAX ADV TOPCASE BLACK 38L - MOTO-PAWMAR\",\"isPartOf\":{\"@id\":\"https:\/\/moto-pawmar.pl\/#website\"},\"primaryImageOfPage\":{\"@id\":\"https:\/\/moto-pawmar.pl\/?product=kufer-centralny-sw-motech-trax-adv-topcase-black-38l#primaryimage\"},\"image\":{\"@id\":\"https:\/\/moto-pawmar.pl\/?product=kufer-centralny-sw-motech-trax-adv-topcase-black-38l#primaryimage\"},\"thumbnailUrl\":\"https:\/\/moto-pawmar.pl\/wp-content\/uploads\/2026\/01\/096740_ZAL513687.jpg\",\"datePublished\":\"2026-01-28T15:42:36+00:00\",\"dateModified\":\"2026-01-29T08:20:59+00:00\",\"breadcrumb\":{\"@id\":\"https:\/\/moto-pawmar.pl\/?product=kufer-centralny-sw-motech-trax-adv-topcase-black-38l#breadcrumb\"},\"inLanguage\":\"pl-PL\",\"potentialAction\":[{\"@type\":\"ReadAction\",\"target\":[\"https:\/\/moto-pawmar.pl\/?product=kufer-centralny-sw-motech-trax-adv-topcase-black-38l\"]}]},{\"@type\":\"ImageObject\",\"inLanguage\":\"pl-PL\",\"@id\":\"https:\/\/moto-pawmar.pl\/?product=kufer-centralny-sw-motech-trax-adv-topcase-black-38l#primaryimage\",\"url\":\"https:\/\/moto-pawmar.pl\/wp-content\/uploads\/2026\/01\/096740_ZAL513687.jpg\",\"contentUrl\":\"https:\/\/moto-pawmar.pl\/wp-content\/uploads\/2026\/01\/096740_ZAL513687.jpg\",\"width\":800,\"height\":533},{\"@type\":\"BreadcrumbList\",\"@id\":\"https:\/\/moto-pawmar.pl\/?product=kufer-centralny-sw-motech-trax-adv-topcase-black-38l#breadcrumb\",\"itemListElement\":[{\"@type\":\"ListItem\",\"position\":1,\"name\":\"Strona g\u0142\u00f3wna\",\"item\":\"https:\/\/moto-pawmar.pl\/\"},{\"@type\":\"ListItem\",\"position\":2,\"name\":\"Sklep Internetowy\",\"item\":\"https:\/\/moto-pawmar.pl\/?page_id=367\"},{\"@type\":\"ListItem\",\"position\":3,\"name\":\"KUFER CENTRALNY SW-MOTECH TRAX ADV TOPCASE BLACK 38L\"}]},{\"@type\":\"WebSite\",\"@id\":\"https:\/\/moto-pawmar.pl\/#website\",\"url\":\"https:\/\/moto-pawmar.pl\/\",\"name\":\"MOTO-PAWMAR\",\"description\":\"MOTO\u2011PAWMAR \u2013 Tw\u00f3j sklep z cz\u0119\u015bciami i akcesoriami do motocykli, skuter\u00f3w i quad\u00f3w.\",\"publisher\":{\"@id\":\"https:\/\/moto-pawmar.pl\/#organization\"},\"potentialAction\":[{\"@type\":\"SearchAction\",\"target\":{\"@type\":\"EntryPoint\",\"urlTemplate\":\"https:\/\/moto-pawmar.pl\/?s={search_term_string}\"},\"query-input\":{\"@type\":\"PropertyValueSpecification\",\"valueRequired\":true,\"valueName\":\"search_term_string\"}}],\"inLanguage\":\"pl-PL\"},{\"@type\":\"Organization\",\"@id\":\"https:\/\/moto-pawmar.pl\/#organization\",\"name\":\"MOTO-PAWMAR\",\"url\":\"https:\/\/moto-pawmar.pl\/\",\"logo\":{\"@type\":\"ImageObject\",\"inLanguage\":\"pl-PL\",\"@id\":\"https:\/\/moto-pawmar.pl\/#\/schema\/logo\/image\/\",\"url\":\"https:\/\/moto-pawmar.pl\/wp-content\/uploads\/2025\/10\/LOGO-SKLEP.png\",\"contentUrl\":\"https:\/\/moto-pawmar.pl\/wp-content\/uploads\/2025\/10\/LOGO-SKLEP.png\",\"width\":2480,\"height\":2053,\"caption\":\"MOTO-PAWMAR\"},\"image\":{\"@id\":\"https:\/\/moto-pawmar.pl\/#\/schema\/logo\/image\/\"},\"sameAs\":[\"https:\/\/www.facebook.com\/motopawmar\/?locale=pl_PL\"]}]}<\/script>\n<!-- \/ Yoast SEO plugin. -->","yoast_head_json":{"title":"KUFER CENTRALNY SW-MOTECH TRAX ADV TOPCASE BLACK 38L - MOTO-PAWMAR","robots":{"index":"index","follow":"follow","max-snippet":"max-snippet:-1","max-image-preview":"max-image-preview:large","max-video-preview":"max-video-preview:-1"},"canonical":"https:\/\/moto-pawmar.pl\/?product=kufer-centralny-sw-motech-trax-adv-topcase-black-38l","og_locale":"pl_PL","og_type":"article","og_title":"KUFER CENTRALNY SW-MOTECH TRAX ADV TOPCASE BLACK 38L - MOTO-PAWMAR","og_description":"TraX\u00ae ADVENTURE to najnowsza wersja znanych ju\u017c kufr\u00f3w TraX\u00ae, jeszcze lepszych i jeszcze bardziej wytrzyma\u0142ych, wzbogaconych o wiele nowych rozwi\u0105za\u0144.W\u0142a\u015bciwo\u015bci Pokrywa zawiera uchwyty do zamocowania dodatkowych akcesori\u00f3w GEAR+, Dodatkowe r\u0105czki w pokrywie u\u0142atwiaj\u0105ce przenoszenie ca\u0142ego kufra, Pasy stabilizuj\u0105ce pokryw\u0119 oraz uniemo\u017cliwiaj\u0105ce jej wyrwanie z zawias\u00f3w, Naro\u017cniki kufra wykonane z tworzywa wzmacnianego w\u0142\u00f3knem szklanym, Wodoodporno\u015b\u0107 uzyskana [&hellip;]","og_url":"https:\/\/moto-pawmar.pl\/?product=kufer-centralny-sw-motech-trax-adv-topcase-black-38l","og_site_name":"MOTO-PAWMAR","article_publisher":"https:\/\/www.facebook.com\/motopawmar\/?locale=pl_PL","article_modified_time":"2026-01-29T08:20:59+00:00","og_image":[{"width":800,"height":533,"url":"https:\/\/moto-pawmar.pl\/wp-content\/uploads\/2026\/01\/096740_ZAL513687.jpg","type":"image\/jpeg"}],"twitter_card":"summary_large_image","twitter_misc":{"Szacowany czas czytania":"1 minuta"},"schema":{"@context":"https:\/\/schema.org","@graph":[{"@type":"WebPage","@id":"https:\/\/moto-pawmar.pl\/?product=kufer-centralny-sw-motech-trax-adv-topcase-black-38l","url":"https:\/\/moto-pawmar.pl\/?product=kufer-centralny-sw-motech-trax-adv-topcase-black-38l","name":"KUFER CENTRALNY SW-MOTECH TRAX ADV TOPCASE BLACK 38L - MOTO-PAWMAR","isPartOf":{"@id":"https:\/\/moto-pawmar.pl\/#website"},"primaryImageOfPage":{"@id":"https:\/\/moto-pawmar.pl\/?product=kufer-centralny-sw-motech-trax-adv-topcase-black-38l#primaryimage"},"image":{"@id":"https:\/\/moto-pawmar.pl\/?product=kufer-centralny-sw-motech-trax-adv-topcase-black-38l#primaryimage"},"thumbnailUrl":"https:\/\/moto-pawmar.pl\/wp-content\/uploads\/2026\/01\/096740_ZAL513687.jpg","datePublished":"2026-01-28T15:42:36+00:00","dateModified":"2026-01-29T08:20:59+00:00","breadcrumb":{"@id":"https:\/\/moto-pawmar.pl\/?product=kufer-centralny-sw-motech-trax-adv-topcase-black-38l#breadcrumb"},"inLanguage":"pl-PL","potentialAction":[{"@type":"ReadAction","target":["https:\/\/moto-pawmar.pl\/?product=kufer-centralny-sw-motech-trax-adv-topcase-black-38l"]}]},{"@type":"ImageObject","inLanguage":"pl-PL","@id":"https:\/\/moto-pawmar.pl\/?product=kufer-centralny-sw-motech-trax-adv-topcase-black-38l#primaryimage","url":"https:\/\/moto-pawmar.pl\/wp-content\/uploads\/2026\/01\/096740_ZAL513687.jpg","contentUrl":"https:\/\/moto-pawmar.pl\/wp-content\/uploads\/2026\/01\/096740_ZAL513687.jpg","width":800,"height":533},{"@type":"BreadcrumbList","@id":"https:\/\/moto-pawmar.pl\/?product=kufer-centralny-sw-motech-trax-adv-topcase-black-38l#breadcrumb","itemListElement":[{"@type":"ListItem","position":1,"name":"Strona g\u0142\u00f3wna","item":"https:\/\/moto-pawmar.pl\/"},{"@type":"ListItem","position":2,"name":"Sklep Internetowy","item":"https:\/\/moto-pawmar.pl\/?page_id=367"},{"@type":"ListItem","position":3,"name":"KUFER CENTRALNY SW-MOTECH TRAX ADV TOPCASE BLACK 38L"}]},{"@type":"WebSite","@id":"https:\/\/moto-pawmar.pl\/#website","url":"https:\/\/moto-pawmar.pl\/","name":"MOTO-PAWMAR","description":"MOTO\u2011PAWMAR \u2013 Tw\u00f3j sklep z cz\u0119\u015bciami i akcesoriami do motocykli, skuter\u00f3w i quad\u00f3w.","publisher":{"@id":"https:\/\/moto-pawmar.pl\/#organization"},"potentialAction":[{"@type":"SearchAction","target":{"@type":"EntryPoint","urlTemplate":"https:\/\/moto-pawmar.pl\/?s={search_term_string}"},"query-input":{"@type":"PropertyValueSpecification","valueRequired":true,"valueName":"search_term_string"}}],"inLanguage":"pl-PL"},{"@type":"Organization","@id":"https:\/\/moto-pawmar.pl\/#organization","name":"MOTO-PAWMAR","url":"https:\/\/moto-pawmar.pl\/","logo":{"@type":"ImageObject","inLanguage":"pl-PL","@id":"https:\/\/moto-pawmar.pl\/#\/schema\/logo\/image\/","url":"https:\/\/moto-pawmar.pl\/wp-content\/uploads\/2025\/10\/LOGO-SKLEP.png","contentUrl":"https:\/\/moto-pawmar.pl\/wp-content\/uploads\/2025\/10\/LOGO-SKLEP.png","width":2480,"height":2053,"caption":"MOTO-PAWMAR"},"image":{"@id":"https:\/\/moto-pawmar.pl\/#\/schema\/logo\/image\/"},"sameAs":["https:\/\/www.facebook.com\/motopawmar\/?locale=pl_PL"]}]}},"_links":{"self":[{"href":"https:\/\/moto-pawmar.pl\/index.php?rest_route=\/wp\/v2\/product\/8575","targetHints":{"allow":["GET"]}}],"collection":[{"href":"https:\/\/moto-pawmar.pl\/index.php?rest_route=\/wp\/v2\/product"}],"about":[{"href":"https:\/\/moto-pawmar.pl\/index.php?rest_route=\/wp\/v2\/types\/product"}],"wp:featuredmedia":[{"embeddable":true,"href":"https:\/\/moto-pawmar.pl\/index.php?rest_route=\/wp\/v2\/media\/8574"}],"wp:attachment":[{"href":"https:\/\/moto-pawmar.pl\/index.php?rest_route=%2Fwp%2Fv2%2Fmedia&parent=8575"}],"wp:term":[{"taxonomy":"product_brand","embeddable":true,"href":"https:\/\/moto-pawmar.pl\/index.php?rest_route=%2Fwp%2Fv2%2Fproduct_brand&post=8575"},{"taxonomy":"product_cat","embeddable":true,"href":"https:\/\/moto-pawmar.pl\/index.php?rest_route=%2Fwp%2Fv2%2Fproduct_cat&post=8575"},{"taxonomy":"product_tag","embeddable":true,"href":"https:\/\/moto-pawmar.pl\/index.php?rest_route=%2Fwp%2Fv2%2Fproduct_tag&post=8575"}],"curies":[{"name":"wp","href":"https:\/\/api.w.org\/{rel}","templated":true}]}}