{"id":6286,"date":"2025-12-12T11:43:48","date_gmt":"2025-12-12T10:43:48","guid":{"rendered":"https:\/\/moto-pawmar.pl\/?post_type=product&#038;p=6286"},"modified":"2025-12-12T11:47:03","modified_gmt":"2025-12-12T10:47:03","slug":"kurtka-motocyklowa-tekstylna-rebelhorn-vandal-2-air-black-red","status":"publish","type":"product","link":"https:\/\/moto-pawmar.pl\/?product=kurtka-motocyklowa-tekstylna-rebelhorn-vandal-2-air-black-red","title":{"rendered":"Kurtka motocyklowa tekstylna Rebelhorn Vandal 2 Air Black Red"},"content":{"rendered":"<p><strong>Rebelhorn Vandal 2 Air<\/strong>\u00a0\u2013 letnia, sportowo-miejska kurtka motocyklowa z maksymaln\u0105 wentylacj\u0105 i wysokim poziomem bezpiecze\u0144\u015btwa. Posiada komplet ochraniaczy poziomu 2 w zestawie \u2013 plecy, barki i \u0142okcie. Nowa ods\u0142ona modelu Vandal to po\u0142\u0105czenie sportowego charakteru i wygody materia\u0142\u00f3w tekstylnych. Liczne panele steel mesh na klatce piersiowej, brzuchu, r\u0119kawach i plecach zapewniaj\u0105 doskona\u0142y przep\u0142yw powietrza w upalne dni. Agresywny wygl\u0105d podkre\u015blaj\u0105 slidery na barkach, a kr\u00f3j w kszta\u0142cie litery V buduje m\u0119sk\u0105 sylwetk\u0119. Dzi\u0119ki membranie\u00a0<strong>HydraShield\u2122 PRO in&amp;out<\/strong>\u00a0kurtka \u015bwietnie sprawdzi si\u0119 tak\u017ce w ch\u0142odniejsze lub deszczowe dni, ograniczaj\u0105c dop\u0142yw zimnego powietrza i chroni\u0105c przed opadami.<\/p>\n<p>&nbsp;<\/p>\n<p><strong>Dlaczego warto?<\/strong><\/p>\n<p>&#8211; Maksymalna wentylacja \u2013 panele steel mesh w kluczowych obszarach.<\/p>\n<p>&#8211;\u00a0<strong>Membrana HydraShield\u2122 PRO in&amp;out<\/strong>\u00a0\u2013 ochrona przed deszczem i ch\u0142odem, mo\u017cliwo\u015b\u0107 stosowania niezale\u017cnie od kurtki.<\/p>\n<p>&#8211; Slidery na barkach \u2013 sportowy, agresywny wygl\u0105d i dodatkowa ochrona.<\/p>\n<p>&#8211; Pe\u0142ny pakiet ochraniaczy poziomu 2 \u2013 na barki, \u0142okcie i plecy w zestawie.<\/p>\n<p>&#8211; Technologia Hyper Stretch \u2013 idealne dopasowanie i swoboda ruch\u00f3w.<\/p>\n<p><strong>Warstwy i materia\u0142y<\/strong><\/p>\n<p><em>Warstwa zewn\u0119trzna:<\/em>\u00a0Steel Mesh \u2013 70%, Hyper Stretch \u2013 30%<\/p>\n<p><em>Podszewka:<\/em>\u00a0Poliester QuickDry Mesh \u2013 100%<\/p>\n<p><strong>Membrana:<\/strong>\u00a0HydraShield\u2122 PRO (in&amp;out) \u2013 100% PVC (Wodoodporno\u015b\u0107: 18 000 mm, Oddychalno\u015b\u0107: 9 000 g\/m2\/24h)<\/p>\n<p><strong>Bezpiecze\u0144stwo<\/strong><\/p>\n<p>&#8211; Ochraniacze bark\u00f3w KEEP TECH RHOMB-211 LEVEL 2.<\/p>\n<p>&#8211; Ochraniacze \u0142okci KEEP TECH RHOMB-212 LEVEL 2 z regulacj\u0105.<\/p>\n<p>&#8211; Ochraniacz plec\u00f3w KEEP TECH RHOMB-253 LEVEL 2 SIZE L.<\/p>\n<p>&#8211; Wzmocnione szwy konstrukcyjne SSS \u2013 Structural Strong Seams.<\/p>\n<p>&#8211; Certyfikacja: EN 17092-3:2020,\u00a0<strong>poziom AA<\/strong>.<\/p>\n<p><strong>Wentylacja<\/strong><\/p>\n<p>&#8211; Panele steel mesh na klatce piersiowej, brzuchu, r\u0119kawach i plecach.<\/p>\n<p>&#8211; Kana\u0142y wentylacyjne na przedramionach.<\/p>\n<p><strong>Dopasowanie i ergonomia<\/strong><\/p>\n<p>&#8211; Regular fit.<\/p>\n<p>&#8211; Regulacja w bicepsie (pasek), w pasie i na mankiecie.<\/p>\n<p>&#8211; Pot\u0119\u017cne panele elastyczne (ribbing) na plecach \u2013 zwi\u0119kszona mobilno\u015b\u0107.<\/p>\n<p>&#8211; Kr\u00f3tki zamek \u0142\u0105cz\u0105cy YKK 8VST (20 cm) umo\u017cliwiaj\u0105cy po\u0142\u0105czenie kurtki ze spodniami.<\/p>\n<p><strong>Dodatki i funkcjonalno\u015bci<\/strong><\/p>\n<p>&#8211; Slidery na barkach.<\/p>\n<p>&#8211; Kiesze\u0144 wewn\u0119trzna.<\/p>\n<p>&#8211; Elementy odblaskowe dla zwi\u0119kszenia widoczno\u015bci.<\/p>\n<p><strong>Dla kogo jest Vandal 2 Air?<\/strong><\/p>\n<p>Dla motocyklist\u00f3w, kt\u00f3rzy chc\u0105 po\u0142\u0105czy\u0107 sportowy kr\u00f3j i agresywny wygl\u0105d sk\u00f3rzanej kurtki z wygod\u0105 i lekko\u015bci\u0105 tekstyli\u00f3w. Idealna na lato, ale dzi\u0119ki membranie sprawdzi si\u0119 tak\u017ce w podr\u00f3\u017cy, kiedy pogoda potrafi si\u0119 zmieni\u0107 w ci\u0105gu paru chwili.<\/p>\n","protected":false},"excerpt":{"rendered":"<p>Rebelhorn Vandal 2 Air\u00a0\u2013 letnia, sportowo-miejska kurtka motocyklowa z maksymaln\u0105 wentylacj\u0105 i wysokim poziomem bezpiecze\u0144\u015btwa. Posiada komplet ochraniaczy poziomu 2 w zestawie \u2013 plecy, barki i \u0142okcie. Nowa ods\u0142ona modelu Vandal to po\u0142\u0105czenie sportowego charakteru i wygody materia\u0142\u00f3w tekstylnych. Liczne panele steel mesh na klatce piersiowej, brzuchu, r\u0119kawach i plecach zapewniaj\u0105 doskona\u0142y przep\u0142yw powietrza w [&hellip;]<\/p>\n","protected":false},"featured_media":6309,"template":"","meta":[],"product_brand":[377],"product_cat":[278,286],"product_tag":[],"class_list":{"0":"post-6286","1":"product","2":"type-product","3":"status-publish","4":"has-post-thumbnail","6":"product_brand-rebelhorn","7":"product_cat-kurtki-meska","8":"product_cat-kurtki-mesh-letnie-meska","10":"first","11":"instock","12":"taxable","13":"shipping-taxable","14":"purchasable","15":"product-type-variable"},"yoast_head":"<!-- This site is optimized with the Yoast SEO plugin v26.9 - https:\/\/yoast.com\/product\/yoast-seo-wordpress\/ -->\n<title>Kurtka motocyklowa tekstylna Rebelhorn Vandal 2 Air Black Red - MOTO-PAWMAR<\/title>\n<meta name=\"robots\" content=\"index, follow, max-snippet:-1, max-image-preview:large, max-video-preview:-1\" \/>\n<link rel=\"canonical\" href=\"https:\/\/moto-pawmar.pl\/?product=kurtka-motocyklowa-tekstylna-rebelhorn-vandal-2-air-black-red\" \/>\n<meta property=\"og:locale\" content=\"pl_PL\" \/>\n<meta property=\"og:type\" content=\"article\" \/>\n<meta property=\"og:title\" content=\"Kurtka motocyklowa tekstylna Rebelhorn Vandal 2 Air Black Red - MOTO-PAWMAR\" \/>\n<meta property=\"og:description\" content=\"Rebelhorn Vandal 2 Air\u00a0\u2013 letnia, sportowo-miejska kurtka motocyklowa z maksymaln\u0105 wentylacj\u0105 i wysokim poziomem bezpiecze\u0144\u015btwa. Posiada komplet ochraniaczy poziomu 2 w zestawie \u2013 plecy, barki i \u0142okcie. Nowa ods\u0142ona modelu Vandal to po\u0142\u0105czenie sportowego charakteru i wygody materia\u0142\u00f3w tekstylnych. Liczne panele steel mesh na klatce piersiowej, brzuchu, r\u0119kawach i plecach zapewniaj\u0105 doskona\u0142y przep\u0142yw powietrza w [&hellip;]\" \/>\n<meta property=\"og:url\" content=\"https:\/\/moto-pawmar.pl\/?product=kurtka-motocyklowa-tekstylna-rebelhorn-vandal-2-air-black-red\" \/>\n<meta property=\"og:site_name\" content=\"MOTO-PAWMAR\" \/>\n<meta property=\"article:publisher\" content=\"https:\/\/www.facebook.com\/motopawmar\/?locale=pl_PL\" \/>\n<meta property=\"article:modified_time\" content=\"2025-12-12T10:47:03+00:00\" \/>\n<meta property=\"og:image\" content=\"https:\/\/moto-pawmar.pl\/wp-content\/uploads\/2025\/12\/348678_ZAL842386-1.jpg\" \/>\n\t<meta property=\"og:image:width\" content=\"800\" \/>\n\t<meta property=\"og:image:height\" content=\"800\" \/>\n\t<meta property=\"og:image:type\" content=\"image\/jpeg\" \/>\n<meta name=\"twitter:card\" content=\"summary_large_image\" \/>\n<meta name=\"twitter:label1\" content=\"Szacowany czas czytania\" \/>\n\t<meta name=\"twitter:data1\" content=\"2 minuty\" \/>\n<script type=\"application\/ld+json\" class=\"yoast-schema-graph\">{\"@context\":\"https:\/\/schema.org\",\"@graph\":[{\"@type\":\"WebPage\",\"@id\":\"https:\/\/moto-pawmar.pl\/?product=kurtka-motocyklowa-tekstylna-rebelhorn-vandal-2-air-black-red\",\"url\":\"https:\/\/moto-pawmar.pl\/?product=kurtka-motocyklowa-tekstylna-rebelhorn-vandal-2-air-black-red\",\"name\":\"Kurtka motocyklowa tekstylna Rebelhorn Vandal 2 Air Black Red - MOTO-PAWMAR\",\"isPartOf\":{\"@id\":\"https:\/\/moto-pawmar.pl\/#website\"},\"primaryImageOfPage\":{\"@id\":\"https:\/\/moto-pawmar.pl\/?product=kurtka-motocyklowa-tekstylna-rebelhorn-vandal-2-air-black-red#primaryimage\"},\"image\":{\"@id\":\"https:\/\/moto-pawmar.pl\/?product=kurtka-motocyklowa-tekstylna-rebelhorn-vandal-2-air-black-red#primaryimage\"},\"thumbnailUrl\":\"https:\/\/moto-pawmar.pl\/wp-content\/uploads\/2025\/12\/348678_ZAL842386-1.jpg\",\"datePublished\":\"2025-12-12T10:43:48+00:00\",\"dateModified\":\"2025-12-12T10:47:03+00:00\",\"breadcrumb\":{\"@id\":\"https:\/\/moto-pawmar.pl\/?product=kurtka-motocyklowa-tekstylna-rebelhorn-vandal-2-air-black-red#breadcrumb\"},\"inLanguage\":\"pl-PL\",\"potentialAction\":[{\"@type\":\"ReadAction\",\"target\":[\"https:\/\/moto-pawmar.pl\/?product=kurtka-motocyklowa-tekstylna-rebelhorn-vandal-2-air-black-red\"]}]},{\"@type\":\"ImageObject\",\"inLanguage\":\"pl-PL\",\"@id\":\"https:\/\/moto-pawmar.pl\/?product=kurtka-motocyklowa-tekstylna-rebelhorn-vandal-2-air-black-red#primaryimage\",\"url\":\"https:\/\/moto-pawmar.pl\/wp-content\/uploads\/2025\/12\/348678_ZAL842386-1.jpg\",\"contentUrl\":\"https:\/\/moto-pawmar.pl\/wp-content\/uploads\/2025\/12\/348678_ZAL842386-1.jpg\",\"width\":800,\"height\":800},{\"@type\":\"BreadcrumbList\",\"@id\":\"https:\/\/moto-pawmar.pl\/?product=kurtka-motocyklowa-tekstylna-rebelhorn-vandal-2-air-black-red#breadcrumb\",\"itemListElement\":[{\"@type\":\"ListItem\",\"position\":1,\"name\":\"Strona g\u0142\u00f3wna\",\"item\":\"https:\/\/moto-pawmar.pl\/\"},{\"@type\":\"ListItem\",\"position\":2,\"name\":\"Sklep Internetowy\",\"item\":\"https:\/\/moto-pawmar.pl\/?page_id=367\"},{\"@type\":\"ListItem\",\"position\":3,\"name\":\"Kurtka motocyklowa tekstylna Rebelhorn Vandal 2 Air Black Red\"}]},{\"@type\":\"WebSite\",\"@id\":\"https:\/\/moto-pawmar.pl\/#website\",\"url\":\"https:\/\/moto-pawmar.pl\/\",\"name\":\"MOTO-PAWMAR\",\"description\":\"MOTO\u2011PAWMAR \u2013 Tw\u00f3j sklep z cz\u0119\u015bciami i akcesoriami do motocykli, skuter\u00f3w i quad\u00f3w.\",\"publisher\":{\"@id\":\"https:\/\/moto-pawmar.pl\/#organization\"},\"potentialAction\":[{\"@type\":\"SearchAction\",\"target\":{\"@type\":\"EntryPoint\",\"urlTemplate\":\"https:\/\/moto-pawmar.pl\/?s={search_term_string}\"},\"query-input\":{\"@type\":\"PropertyValueSpecification\",\"valueRequired\":true,\"valueName\":\"search_term_string\"}}],\"inLanguage\":\"pl-PL\"},{\"@type\":\"Organization\",\"@id\":\"https:\/\/moto-pawmar.pl\/#organization\",\"name\":\"MOTO-PAWMAR\",\"url\":\"https:\/\/moto-pawmar.pl\/\",\"logo\":{\"@type\":\"ImageObject\",\"inLanguage\":\"pl-PL\",\"@id\":\"https:\/\/moto-pawmar.pl\/#\/schema\/logo\/image\/\",\"url\":\"https:\/\/moto-pawmar.pl\/wp-content\/uploads\/2025\/10\/LOGO-SKLEP.png\",\"contentUrl\":\"https:\/\/moto-pawmar.pl\/wp-content\/uploads\/2025\/10\/LOGO-SKLEP.png\",\"width\":2480,\"height\":2053,\"caption\":\"MOTO-PAWMAR\"},\"image\":{\"@id\":\"https:\/\/moto-pawmar.pl\/#\/schema\/logo\/image\/\"},\"sameAs\":[\"https:\/\/www.facebook.com\/motopawmar\/?locale=pl_PL\"]}]}<\/script>\n<!-- \/ Yoast SEO plugin. -->","yoast_head_json":{"title":"Kurtka motocyklowa tekstylna Rebelhorn Vandal 2 Air Black Red - MOTO-PAWMAR","robots":{"index":"index","follow":"follow","max-snippet":"max-snippet:-1","max-image-preview":"max-image-preview:large","max-video-preview":"max-video-preview:-1"},"canonical":"https:\/\/moto-pawmar.pl\/?product=kurtka-motocyklowa-tekstylna-rebelhorn-vandal-2-air-black-red","og_locale":"pl_PL","og_type":"article","og_title":"Kurtka motocyklowa tekstylna Rebelhorn Vandal 2 Air Black Red - MOTO-PAWMAR","og_description":"Rebelhorn Vandal 2 Air\u00a0\u2013 letnia, sportowo-miejska kurtka motocyklowa z maksymaln\u0105 wentylacj\u0105 i wysokim poziomem bezpiecze\u0144\u015btwa. Posiada komplet ochraniaczy poziomu 2 w zestawie \u2013 plecy, barki i \u0142okcie. Nowa ods\u0142ona modelu Vandal to po\u0142\u0105czenie sportowego charakteru i wygody materia\u0142\u00f3w tekstylnych. Liczne panele steel mesh na klatce piersiowej, brzuchu, r\u0119kawach i plecach zapewniaj\u0105 doskona\u0142y przep\u0142yw powietrza w [&hellip;]","og_url":"https:\/\/moto-pawmar.pl\/?product=kurtka-motocyklowa-tekstylna-rebelhorn-vandal-2-air-black-red","og_site_name":"MOTO-PAWMAR","article_publisher":"https:\/\/www.facebook.com\/motopawmar\/?locale=pl_PL","article_modified_time":"2025-12-12T10:47:03+00:00","og_image":[{"width":800,"height":800,"url":"https:\/\/moto-pawmar.pl\/wp-content\/uploads\/2025\/12\/348678_ZAL842386-1.jpg","type":"image\/jpeg"}],"twitter_card":"summary_large_image","twitter_misc":{"Szacowany czas czytania":"2 minuty"},"schema":{"@context":"https:\/\/schema.org","@graph":[{"@type":"WebPage","@id":"https:\/\/moto-pawmar.pl\/?product=kurtka-motocyklowa-tekstylna-rebelhorn-vandal-2-air-black-red","url":"https:\/\/moto-pawmar.pl\/?product=kurtka-motocyklowa-tekstylna-rebelhorn-vandal-2-air-black-red","name":"Kurtka motocyklowa tekstylna Rebelhorn Vandal 2 Air Black Red - MOTO-PAWMAR","isPartOf":{"@id":"https:\/\/moto-pawmar.pl\/#website"},"primaryImageOfPage":{"@id":"https:\/\/moto-pawmar.pl\/?product=kurtka-motocyklowa-tekstylna-rebelhorn-vandal-2-air-black-red#primaryimage"},"image":{"@id":"https:\/\/moto-pawmar.pl\/?product=kurtka-motocyklowa-tekstylna-rebelhorn-vandal-2-air-black-red#primaryimage"},"thumbnailUrl":"https:\/\/moto-pawmar.pl\/wp-content\/uploads\/2025\/12\/348678_ZAL842386-1.jpg","datePublished":"2025-12-12T10:43:48+00:00","dateModified":"2025-12-12T10:47:03+00:00","breadcrumb":{"@id":"https:\/\/moto-pawmar.pl\/?product=kurtka-motocyklowa-tekstylna-rebelhorn-vandal-2-air-black-red#breadcrumb"},"inLanguage":"pl-PL","potentialAction":[{"@type":"ReadAction","target":["https:\/\/moto-pawmar.pl\/?product=kurtka-motocyklowa-tekstylna-rebelhorn-vandal-2-air-black-red"]}]},{"@type":"ImageObject","inLanguage":"pl-PL","@id":"https:\/\/moto-pawmar.pl\/?product=kurtka-motocyklowa-tekstylna-rebelhorn-vandal-2-air-black-red#primaryimage","url":"https:\/\/moto-pawmar.pl\/wp-content\/uploads\/2025\/12\/348678_ZAL842386-1.jpg","contentUrl":"https:\/\/moto-pawmar.pl\/wp-content\/uploads\/2025\/12\/348678_ZAL842386-1.jpg","width":800,"height":800},{"@type":"BreadcrumbList","@id":"https:\/\/moto-pawmar.pl\/?product=kurtka-motocyklowa-tekstylna-rebelhorn-vandal-2-air-black-red#breadcrumb","itemListElement":[{"@type":"ListItem","position":1,"name":"Strona g\u0142\u00f3wna","item":"https:\/\/moto-pawmar.pl\/"},{"@type":"ListItem","position":2,"name":"Sklep Internetowy","item":"https:\/\/moto-pawmar.pl\/?page_id=367"},{"@type":"ListItem","position":3,"name":"Kurtka motocyklowa tekstylna Rebelhorn Vandal 2 Air Black Red"}]},{"@type":"WebSite","@id":"https:\/\/moto-pawmar.pl\/#website","url":"https:\/\/moto-pawmar.pl\/","name":"MOTO-PAWMAR","description":"MOTO\u2011PAWMAR \u2013 Tw\u00f3j sklep z cz\u0119\u015bciami i akcesoriami do motocykli, skuter\u00f3w i quad\u00f3w.","publisher":{"@id":"https:\/\/moto-pawmar.pl\/#organization"},"potentialAction":[{"@type":"SearchAction","target":{"@type":"EntryPoint","urlTemplate":"https:\/\/moto-pawmar.pl\/?s={search_term_string}"},"query-input":{"@type":"PropertyValueSpecification","valueRequired":true,"valueName":"search_term_string"}}],"inLanguage":"pl-PL"},{"@type":"Organization","@id":"https:\/\/moto-pawmar.pl\/#organization","name":"MOTO-PAWMAR","url":"https:\/\/moto-pawmar.pl\/","logo":{"@type":"ImageObject","inLanguage":"pl-PL","@id":"https:\/\/moto-pawmar.pl\/#\/schema\/logo\/image\/","url":"https:\/\/moto-pawmar.pl\/wp-content\/uploads\/2025\/10\/LOGO-SKLEP.png","contentUrl":"https:\/\/moto-pawmar.pl\/wp-content\/uploads\/2025\/10\/LOGO-SKLEP.png","width":2480,"height":2053,"caption":"MOTO-PAWMAR"},"image":{"@id":"https:\/\/moto-pawmar.pl\/#\/schema\/logo\/image\/"},"sameAs":["https:\/\/www.facebook.com\/motopawmar\/?locale=pl_PL"]}]}},"_links":{"self":[{"href":"https:\/\/moto-pawmar.pl\/index.php?rest_route=\/wp\/v2\/product\/6286","targetHints":{"allow":["GET"]}}],"collection":[{"href":"https:\/\/moto-pawmar.pl\/index.php?rest_route=\/wp\/v2\/product"}],"about":[{"href":"https:\/\/moto-pawmar.pl\/index.php?rest_route=\/wp\/v2\/types\/product"}],"wp:featuredmedia":[{"embeddable":true,"href":"https:\/\/moto-pawmar.pl\/index.php?rest_route=\/wp\/v2\/media\/6309"}],"wp:attachment":[{"href":"https:\/\/moto-pawmar.pl\/index.php?rest_route=%2Fwp%2Fv2%2Fmedia&parent=6286"}],"wp:term":[{"taxonomy":"product_brand","embeddable":true,"href":"https:\/\/moto-pawmar.pl\/index.php?rest_route=%2Fwp%2Fv2%2Fproduct_brand&post=6286"},{"taxonomy":"product_cat","embeddable":true,"href":"https:\/\/moto-pawmar.pl\/index.php?rest_route=%2Fwp%2Fv2%2Fproduct_cat&post=6286"},{"taxonomy":"product_tag","embeddable":true,"href":"https:\/\/moto-pawmar.pl\/index.php?rest_route=%2Fwp%2Fv2%2Fproduct_tag&post=6286"}],"curies":[{"name":"wp","href":"https:\/\/api.w.org\/{rel}","templated":true}]}}