{"id":14041,"date":"2026-01-29T09:39:57","date_gmt":"2026-01-29T08:39:57","guid":{"rendered":"https:\/\/moto-pawmar.pl\/?product=kufer-centralny-boczny-sw-motech-dusc-33-l-abs-black"},"modified":"2026-01-29T09:39:57","modified_gmt":"2026-01-29T08:39:57","slug":"kufer-centralny-boczny-sw-motech-dusc-33-l-abs-black","status":"publish","type":"product","link":"https:\/\/moto-pawmar.pl\/?product=kufer-centralny-boczny-sw-motech-dusc-33-l-abs-black","title":{"rendered":"KUFER CENTRALNY\/BOCZNY SW-MOTECH DUSC 33 L ABS BLACK"},"content":{"rendered":"<p>HSK.00.745.10000\/B<\/p>\n<p>KUFER CENTRALNY\/boczny SW-MOTECH DUSC 33 L ABS BLACK<\/p>\n<p>&#xa0;<\/p>\n<p>Kufer DUSC opracowano z my\u015bl\u0105 o wszechstronno\u015bci. Mo\u017cesz zastosowa\u0107 go jako centralny lub boczny \u2013 zar\u00f3wno z lewej, jak i prawej strony. Wytrzyma\u0142a konstrukcja, niska masa, du\u017ca pojemno\u015b\u0107 i dwa rozmiary do wyboru umo\u017cliwiaj\u0105 zastosowanie tego kufra zar\u00f3wno w turystyce szosowej, jak i adventure.&#xa0;<\/p>\n<p>&#xa0;<\/p>\n<p>&#xa0;<\/p>\n<p>&#xa0;<\/p>\n<p>CECHY PRODUKTU<\/p>\n<p>\t&#xa0;<\/p>\n<ul>\n<li>wytrzyma\u0142a, wodoodporna obudowa&#xa0;<\/li>\n<li>mo\u017cliwo\u015b\u0107 stosowania jako kufer boczny (lewy i prawy) lub kufer centralny<\/li>\n<li>dwie wersje pojemno\u015bciowe do wyboru \u2013 M (33 litry) i L (41 litr\u00f3w)<\/li>\n<li>\u0142atwy monta\u017c na bocznym stela\u017cu PRO lub stela\u017cu tylnym<\/li>\n<li>kufer wykonany z tworzywa ABS o grubo\u015bci 3 mm na aluminiowej ramie<\/li>\n<li>wsp\u00f3lny zamek dla pokrywy i mocowania kufra<\/li>\n<li>naro\u017cniki ochronne ze zintegrowanymi uchwytami&#xa0;<\/li>\n<li>zintegrowane r\u0105czki do przenoszenia<\/li>\n<li>zamek antykradzie\u017cowy i haczyki do porz\u0105dkowania baga\u017cu jako wyposa\u017cenie opcjonalne<\/li>\n<li>wymiary: 48,6 x 41,3 x 24,7 cm<\/li>\n<li>waga 3,9 kg<\/li>\n<li>pojemno\u015b\u0107 33 l<\/li>\n<\/ul>\n<p>&#xa0;<\/p>\n<p>ZAWARTO\u015a\u0106 ZESTAWU<\/p>\n<p>\t&#xa0;<\/p>\n<ul>\n<li>kufer DUSC M<\/li>\n<li>2 x ogranicznik otwarcia pokrywy<\/li>\n<li>instrukcja monta\u017cu<\/li>\n<\/ul>\n<p>&#xa0;<\/p>\n<p>MATERIA\u0141<\/p>\n<p>\t&#xa0;<\/p>\n<ul>\n<li>tworzywo sztuczne ABS, aluminium<\/li>\n<\/ul>\n<p>&#xa0;<\/p>\n","protected":false},"excerpt":{"rendered":"<p>HSK.00.745.10000\/B KUFER CENTRALNY\/boczny SW-MOTECH DUSC 33 L ABS BLACK &#xa0; Kufer DUSC opracowano z my\u015bl\u0105 o wszechstronno\u015bci. Mo\u017cesz zastosowa\u0107 go jako centralny lub boczny \u2013 zar\u00f3wno z lewej, jak i prawej strony. Wytrzyma\u0142a konstrukcja, niska masa, du\u017ca pojemno\u015b\u0107 i dwa rozmiary do wyboru umo\u017cliwiaj\u0105 zastosowanie tego kufra zar\u00f3wno w turystyce szosowej, jak i adventure.&#xa0; &#xa0; [&hellip;]<\/p>\n","protected":false},"featured_media":14040,"template":"","meta":[],"product_brand":[386],"product_cat":[390],"product_tag":[],"class_list":{"0":"post-14041","1":"product","2":"type-product","3":"status-publish","4":"has-post-thumbnail","6":"product_brand-sw-motech","7":"product_cat-akcesoria-sw-motech-2","9":"first","10":"onbackorder","11":"taxable","12":"shipping-taxable","13":"purchasable","14":"product-type-simple"},"yoast_head":"<!-- This site is optimized with the Yoast SEO plugin v26.9 - https:\/\/yoast.com\/product\/yoast-seo-wordpress\/ -->\n<title>KUFER CENTRALNY\/BOCZNY SW-MOTECH DUSC 33 L ABS BLACK - MOTO-PAWMAR<\/title>\n<meta name=\"robots\" content=\"index, follow, max-snippet:-1, max-image-preview:large, max-video-preview:-1\" \/>\n<link rel=\"canonical\" href=\"https:\/\/moto-pawmar.pl\/?product=kufer-centralny-boczny-sw-motech-dusc-33-l-abs-black\" \/>\n<meta property=\"og:locale\" content=\"pl_PL\" \/>\n<meta property=\"og:type\" content=\"article\" \/>\n<meta property=\"og:title\" content=\"KUFER CENTRALNY\/BOCZNY SW-MOTECH DUSC 33 L ABS BLACK - MOTO-PAWMAR\" \/>\n<meta property=\"og:description\" content=\"HSK.00.745.10000\/B KUFER CENTRALNY\/boczny SW-MOTECH DUSC 33 L ABS BLACK &#xa0; Kufer DUSC opracowano z my\u015bl\u0105 o wszechstronno\u015bci. Mo\u017cesz zastosowa\u0107 go jako centralny lub boczny \u2013 zar\u00f3wno z lewej, jak i prawej strony. Wytrzyma\u0142a konstrukcja, niska masa, du\u017ca pojemno\u015b\u0107 i dwa rozmiary do wyboru umo\u017cliwiaj\u0105 zastosowanie tego kufra zar\u00f3wno w turystyce szosowej, jak i adventure.&#xa0; &#xa0; [&hellip;]\" \/>\n<meta property=\"og:url\" content=\"https:\/\/moto-pawmar.pl\/?product=kufer-centralny-boczny-sw-motech-dusc-33-l-abs-black\" \/>\n<meta property=\"og:site_name\" content=\"MOTO-PAWMAR\" \/>\n<meta property=\"article:publisher\" content=\"https:\/\/www.facebook.com\/motopawmar\/?locale=pl_PL\" \/>\n<meta name=\"twitter:card\" content=\"summary_large_image\" \/>\n<meta name=\"twitter:label1\" content=\"Szacowany czas czytania\" \/>\n\t<meta name=\"twitter:data1\" content=\"1 minuta\" \/>\n<script type=\"application\/ld+json\" class=\"yoast-schema-graph\">{\"@context\":\"https:\/\/schema.org\",\"@graph\":[{\"@type\":\"WebPage\",\"@id\":\"https:\/\/moto-pawmar.pl\/?product=kufer-centralny-boczny-sw-motech-dusc-33-l-abs-black\",\"url\":\"https:\/\/moto-pawmar.pl\/?product=kufer-centralny-boczny-sw-motech-dusc-33-l-abs-black\",\"name\":\"KUFER CENTRALNY\/BOCZNY SW-MOTECH DUSC 33 L ABS BLACK - MOTO-PAWMAR\",\"isPartOf\":{\"@id\":\"https:\/\/moto-pawmar.pl\/#website\"},\"primaryImageOfPage\":{\"@id\":\"https:\/\/moto-pawmar.pl\/?product=kufer-centralny-boczny-sw-motech-dusc-33-l-abs-black#primaryimage\"},\"image\":{\"@id\":\"https:\/\/moto-pawmar.pl\/?product=kufer-centralny-boczny-sw-motech-dusc-33-l-abs-black#primaryimage\"},\"thumbnailUrl\":\"https:\/\/moto-pawmar.pl\/wp-content\/uploads\/2026\/01\/345574_ZAL796131.jpg\",\"datePublished\":\"2026-01-29T08:39:57+00:00\",\"breadcrumb\":{\"@id\":\"https:\/\/moto-pawmar.pl\/?product=kufer-centralny-boczny-sw-motech-dusc-33-l-abs-black#breadcrumb\"},\"inLanguage\":\"pl-PL\",\"potentialAction\":[{\"@type\":\"ReadAction\",\"target\":[\"https:\/\/moto-pawmar.pl\/?product=kufer-centralny-boczny-sw-motech-dusc-33-l-abs-black\"]}]},{\"@type\":\"ImageObject\",\"inLanguage\":\"pl-PL\",\"@id\":\"https:\/\/moto-pawmar.pl\/?product=kufer-centralny-boczny-sw-motech-dusc-33-l-abs-black#primaryimage\",\"url\":\"https:\/\/moto-pawmar.pl\/wp-content\/uploads\/2026\/01\/345574_ZAL796131.jpg\",\"contentUrl\":\"https:\/\/moto-pawmar.pl\/wp-content\/uploads\/2026\/01\/345574_ZAL796131.jpg\",\"width\":600,\"height\":400},{\"@type\":\"BreadcrumbList\",\"@id\":\"https:\/\/moto-pawmar.pl\/?product=kufer-centralny-boczny-sw-motech-dusc-33-l-abs-black#breadcrumb\",\"itemListElement\":[{\"@type\":\"ListItem\",\"position\":1,\"name\":\"Strona g\u0142\u00f3wna\",\"item\":\"https:\/\/moto-pawmar.pl\/\"},{\"@type\":\"ListItem\",\"position\":2,\"name\":\"Sklep Internetowy\",\"item\":\"https:\/\/moto-pawmar.pl\/?page_id=367\"},{\"@type\":\"ListItem\",\"position\":3,\"name\":\"KUFER CENTRALNY\/BOCZNY SW-MOTECH DUSC 33 L ABS BLACK\"}]},{\"@type\":\"WebSite\",\"@id\":\"https:\/\/moto-pawmar.pl\/#website\",\"url\":\"https:\/\/moto-pawmar.pl\/\",\"name\":\"MOTO-PAWMAR\",\"description\":\"MOTO\u2011PAWMAR \u2013 Tw\u00f3j sklep z cz\u0119\u015bciami i akcesoriami do motocykli, skuter\u00f3w i quad\u00f3w.\",\"publisher\":{\"@id\":\"https:\/\/moto-pawmar.pl\/#organization\"},\"potentialAction\":[{\"@type\":\"SearchAction\",\"target\":{\"@type\":\"EntryPoint\",\"urlTemplate\":\"https:\/\/moto-pawmar.pl\/?s={search_term_string}\"},\"query-input\":{\"@type\":\"PropertyValueSpecification\",\"valueRequired\":true,\"valueName\":\"search_term_string\"}}],\"inLanguage\":\"pl-PL\"},{\"@type\":\"Organization\",\"@id\":\"https:\/\/moto-pawmar.pl\/#organization\",\"name\":\"MOTO-PAWMAR\",\"url\":\"https:\/\/moto-pawmar.pl\/\",\"logo\":{\"@type\":\"ImageObject\",\"inLanguage\":\"pl-PL\",\"@id\":\"https:\/\/moto-pawmar.pl\/#\/schema\/logo\/image\/\",\"url\":\"https:\/\/moto-pawmar.pl\/wp-content\/uploads\/2025\/10\/LOGO-SKLEP.png\",\"contentUrl\":\"https:\/\/moto-pawmar.pl\/wp-content\/uploads\/2025\/10\/LOGO-SKLEP.png\",\"width\":2480,\"height\":2053,\"caption\":\"MOTO-PAWMAR\"},\"image\":{\"@id\":\"https:\/\/moto-pawmar.pl\/#\/schema\/logo\/image\/\"},\"sameAs\":[\"https:\/\/www.facebook.com\/motopawmar\/?locale=pl_PL\"]}]}<\/script>\n<!-- \/ Yoast SEO plugin. -->","yoast_head_json":{"title":"KUFER CENTRALNY\/BOCZNY SW-MOTECH DUSC 33 L ABS BLACK - MOTO-PAWMAR","robots":{"index":"index","follow":"follow","max-snippet":"max-snippet:-1","max-image-preview":"max-image-preview:large","max-video-preview":"max-video-preview:-1"},"canonical":"https:\/\/moto-pawmar.pl\/?product=kufer-centralny-boczny-sw-motech-dusc-33-l-abs-black","og_locale":"pl_PL","og_type":"article","og_title":"KUFER CENTRALNY\/BOCZNY SW-MOTECH DUSC 33 L ABS BLACK - MOTO-PAWMAR","og_description":"HSK.00.745.10000\/B KUFER CENTRALNY\/boczny SW-MOTECH DUSC 33 L ABS BLACK &#xa0; Kufer DUSC opracowano z my\u015bl\u0105 o wszechstronno\u015bci. Mo\u017cesz zastosowa\u0107 go jako centralny lub boczny \u2013 zar\u00f3wno z lewej, jak i prawej strony. Wytrzyma\u0142a konstrukcja, niska masa, du\u017ca pojemno\u015b\u0107 i dwa rozmiary do wyboru umo\u017cliwiaj\u0105 zastosowanie tego kufra zar\u00f3wno w turystyce szosowej, jak i adventure.&#xa0; &#xa0; [&hellip;]","og_url":"https:\/\/moto-pawmar.pl\/?product=kufer-centralny-boczny-sw-motech-dusc-33-l-abs-black","og_site_name":"MOTO-PAWMAR","article_publisher":"https:\/\/www.facebook.com\/motopawmar\/?locale=pl_PL","twitter_card":"summary_large_image","twitter_misc":{"Szacowany czas czytania":"1 minuta"},"schema":{"@context":"https:\/\/schema.org","@graph":[{"@type":"WebPage","@id":"https:\/\/moto-pawmar.pl\/?product=kufer-centralny-boczny-sw-motech-dusc-33-l-abs-black","url":"https:\/\/moto-pawmar.pl\/?product=kufer-centralny-boczny-sw-motech-dusc-33-l-abs-black","name":"KUFER CENTRALNY\/BOCZNY SW-MOTECH DUSC 33 L ABS BLACK - MOTO-PAWMAR","isPartOf":{"@id":"https:\/\/moto-pawmar.pl\/#website"},"primaryImageOfPage":{"@id":"https:\/\/moto-pawmar.pl\/?product=kufer-centralny-boczny-sw-motech-dusc-33-l-abs-black#primaryimage"},"image":{"@id":"https:\/\/moto-pawmar.pl\/?product=kufer-centralny-boczny-sw-motech-dusc-33-l-abs-black#primaryimage"},"thumbnailUrl":"https:\/\/moto-pawmar.pl\/wp-content\/uploads\/2026\/01\/345574_ZAL796131.jpg","datePublished":"2026-01-29T08:39:57+00:00","breadcrumb":{"@id":"https:\/\/moto-pawmar.pl\/?product=kufer-centralny-boczny-sw-motech-dusc-33-l-abs-black#breadcrumb"},"inLanguage":"pl-PL","potentialAction":[{"@type":"ReadAction","target":["https:\/\/moto-pawmar.pl\/?product=kufer-centralny-boczny-sw-motech-dusc-33-l-abs-black"]}]},{"@type":"ImageObject","inLanguage":"pl-PL","@id":"https:\/\/moto-pawmar.pl\/?product=kufer-centralny-boczny-sw-motech-dusc-33-l-abs-black#primaryimage","url":"https:\/\/moto-pawmar.pl\/wp-content\/uploads\/2026\/01\/345574_ZAL796131.jpg","contentUrl":"https:\/\/moto-pawmar.pl\/wp-content\/uploads\/2026\/01\/345574_ZAL796131.jpg","width":600,"height":400},{"@type":"BreadcrumbList","@id":"https:\/\/moto-pawmar.pl\/?product=kufer-centralny-boczny-sw-motech-dusc-33-l-abs-black#breadcrumb","itemListElement":[{"@type":"ListItem","position":1,"name":"Strona g\u0142\u00f3wna","item":"https:\/\/moto-pawmar.pl\/"},{"@type":"ListItem","position":2,"name":"Sklep Internetowy","item":"https:\/\/moto-pawmar.pl\/?page_id=367"},{"@type":"ListItem","position":3,"name":"KUFER CENTRALNY\/BOCZNY SW-MOTECH DUSC 33 L ABS BLACK"}]},{"@type":"WebSite","@id":"https:\/\/moto-pawmar.pl\/#website","url":"https:\/\/moto-pawmar.pl\/","name":"MOTO-PAWMAR","description":"MOTO\u2011PAWMAR \u2013 Tw\u00f3j sklep z cz\u0119\u015bciami i akcesoriami do motocykli, skuter\u00f3w i quad\u00f3w.","publisher":{"@id":"https:\/\/moto-pawmar.pl\/#organization"},"potentialAction":[{"@type":"SearchAction","target":{"@type":"EntryPoint","urlTemplate":"https:\/\/moto-pawmar.pl\/?s={search_term_string}"},"query-input":{"@type":"PropertyValueSpecification","valueRequired":true,"valueName":"search_term_string"}}],"inLanguage":"pl-PL"},{"@type":"Organization","@id":"https:\/\/moto-pawmar.pl\/#organization","name":"MOTO-PAWMAR","url":"https:\/\/moto-pawmar.pl\/","logo":{"@type":"ImageObject","inLanguage":"pl-PL","@id":"https:\/\/moto-pawmar.pl\/#\/schema\/logo\/image\/","url":"https:\/\/moto-pawmar.pl\/wp-content\/uploads\/2025\/10\/LOGO-SKLEP.png","contentUrl":"https:\/\/moto-pawmar.pl\/wp-content\/uploads\/2025\/10\/LOGO-SKLEP.png","width":2480,"height":2053,"caption":"MOTO-PAWMAR"},"image":{"@id":"https:\/\/moto-pawmar.pl\/#\/schema\/logo\/image\/"},"sameAs":["https:\/\/www.facebook.com\/motopawmar\/?locale=pl_PL"]}]}},"_links":{"self":[{"href":"https:\/\/moto-pawmar.pl\/index.php?rest_route=\/wp\/v2\/product\/14041","targetHints":{"allow":["GET"]}}],"collection":[{"href":"https:\/\/moto-pawmar.pl\/index.php?rest_route=\/wp\/v2\/product"}],"about":[{"href":"https:\/\/moto-pawmar.pl\/index.php?rest_route=\/wp\/v2\/types\/product"}],"wp:featuredmedia":[{"embeddable":true,"href":"https:\/\/moto-pawmar.pl\/index.php?rest_route=\/wp\/v2\/media\/14040"}],"wp:attachment":[{"href":"https:\/\/moto-pawmar.pl\/index.php?rest_route=%2Fwp%2Fv2%2Fmedia&parent=14041"}],"wp:term":[{"taxonomy":"product_brand","embeddable":true,"href":"https:\/\/moto-pawmar.pl\/index.php?rest_route=%2Fwp%2Fv2%2Fproduct_brand&post=14041"},{"taxonomy":"product_cat","embeddable":true,"href":"https:\/\/moto-pawmar.pl\/index.php?rest_route=%2Fwp%2Fv2%2Fproduct_cat&post=14041"},{"taxonomy":"product_tag","embeddable":true,"href":"https:\/\/moto-pawmar.pl\/index.php?rest_route=%2Fwp%2Fv2%2Fproduct_tag&post=14041"}],"curies":[{"name":"wp","href":"https:\/\/api.w.org\/{rel}","templated":true}]}}